{"id":939,"date":"2017-08-21T17:02:35","date_gmt":"2017-08-21T15:02:35","guid":{"rendered":"http:\/\/bei-deinem-namen-genannt.eu\/portfolio-item\/st-nicolai-lueneburg\/"},"modified":"2018-08-24T19:10:30","modified_gmt":"2018-08-24T17:10:30","slug":"st-nicolai-lueneburg","status":"publish","type":"portfolio","link":"https:\/\/bei-deinem-namen-genannt.eu\/en\/portfolio-item\/st-nicolai-lueneburg\/","title":{"rendered":"St. Nicolai L\u00fcneburg"},"content":{"rendered":"<div id='av_section_1'  class='avia-section av-av_section-2bb5dbc2f4280f0fa9c0823dd68eaa60 main_color avia-section-small avia-no-border-styling  avia-builder-el-0  avia-builder-el-no-sibling  avia-bg-style-scroll container_wrap sidebar_right'  ><div class='container av-section-cont-open' ><main  role=\"main\" itemprop=\"mainContentOfPage\"  class='template-page content  av-content-small alpha units'><div class='post-entry post-entry-type-page post-entry-939'><div class='entry-content-wrapper clearfix'>\n<div id='av-masonry-1' class='av-masonry av-av_masonry_gallery-92d93d22f19c08c2cf6379c2abb26d50 noHover av-flex-size av-large-gap av-hover-overlay- av-masonry-animation-active av-masonry-col-3 av-caption-always av-caption-style- av-masonry-gallery ' data-post_id=\"939\"><div class=\"av-masonry-container isotope av-js-disabled\"><div class='av-masonry-entry isotope-item av-masonry-item-no-image '><\/div><a href=\"https:\/\/bei-deinem-namen-genannt.eu\/wp-content\/uploads\/2017\/08\/DSC02888-687x1030.jpg\" data-srcset=\"https:\/\/bei-deinem-namen-genannt.eu\/wp-content\/uploads\/2017\/08\/DSC02888-687x1030.jpg 687w, https:\/\/bei-deinem-namen-genannt.eu\/wp-content\/uploads\/2017\/08\/DSC02888-200x300.jpg 200w, https:\/\/bei-deinem-namen-genannt.eu\/wp-content\/uploads\/2017\/08\/DSC02888-768x1151.jpg 768w, https:\/\/bei-deinem-namen-genannt.eu\/wp-content\/uploads\/2017\/08\/DSC02888-1001x1500.jpg 1001w, https:\/\/bei-deinem-namen-genannt.eu\/wp-content\/uploads\/2017\/08\/DSC02888-471x705.jpg 471w, https:\/\/bei-deinem-namen-genannt.eu\/wp-content\/uploads\/2017\/08\/DSC02888-450x674.jpg 450w, https:\/\/bei-deinem-namen-genannt.eu\/wp-content\/uploads\/2017\/08\/DSC02888.jpg 1535w\" data-sizes=\"(max-width: 687px) 100vw, 687px\"  aria-label=\"image 21. August 2018, St. Nicolai L\u00fcneburg \u2013 Die zweisprachige Ausstellung \u00bbBei Deinem Namen genannt: Nikolaus\u00ab (21.8. bis 4.10.) will Ausgangsort sein, um die Geschichte von Namen und Kirchen, Menschen und Orten am Beispiel von Nikolaus kennenzulernen\"  id='av-masonry-1-item-1896' data-av-masonry-item='1896' class='av-masonry-entry isotope-item post-1896 attachment type-attachment status-inherit hentry  av-masonry-item-with-image' title=\"21. August 2018, St. Nicolai L\u00fcneburg \u2013 Die zweisprachige Ausstellung \u00bbBei Deinem Namen genannt: Nikolaus\u00ab (21.8. bis 4.10.) will Ausgangsort sein, um die Geschichte von Namen und Kirchen, Menschen und Orten am Beispiel von Nikolaus kennenzulernen\" alt=\"\"    itemprop=\"thumbnailUrl\" ><div class='av-inner-masonry-sizer'><\/div><figure class='av-inner-masonry main_color'><div class=\"av-masonry-outerimage-container\"><div class='av-masonry-image-container'   ><img decoding=\"async\" width=\"471\" height=\"705\" class=\"wp-image-1896 avia-img-lazy-loading-not-1896\"  src=\"https:\/\/bei-deinem-namen-genannt.eu\/wp-content\/uploads\/2017\/08\/DSC02888-471x705.jpg\" title=\"21. August 2018, St. Nicolai L\u00fcneburg \u2013 Die zweisprachige Ausstellung \u00bbBei Deinem Namen genannt: Nikolaus\u00ab (21.8. bis 4.10.) will Ausgangsort sein, um die Geschichte von Namen und Kirchen, Menschen und Orten am Beispiel von Nikolaus kennenzulernen\" alt=\"\" srcset=\"https:\/\/bei-deinem-namen-genannt.eu\/wp-content\/uploads\/2017\/08\/DSC02888-471x705.jpg 471w, https:\/\/bei-deinem-namen-genannt.eu\/wp-content\/uploads\/2017\/08\/DSC02888-200x300.jpg 200w, https:\/\/bei-deinem-namen-genannt.eu\/wp-content\/uploads\/2017\/08\/DSC02888-768x1151.jpg 768w, https:\/\/bei-deinem-namen-genannt.eu\/wp-content\/uploads\/2017\/08\/DSC02888-687x1030.jpg 687w, https:\/\/bei-deinem-namen-genannt.eu\/wp-content\/uploads\/2017\/08\/DSC02888-1001x1500.jpg 1001w, https:\/\/bei-deinem-namen-genannt.eu\/wp-content\/uploads\/2017\/08\/DSC02888-450x674.jpg 450w, https:\/\/bei-deinem-namen-genannt.eu\/wp-content\/uploads\/2017\/08\/DSC02888.jpg 1535w\" sizes=\"(max-width: 471px) 100vw, 471px\" \/><\/div><\/div><\/figure><\/a><!--end av-masonry entry--><a href=\"https:\/\/bei-deinem-namen-genannt.eu\/wp-content\/uploads\/2017\/08\/DSC02909-1030x687.jpg\" data-srcset=\"https:\/\/bei-deinem-namen-genannt.eu\/wp-content\/uploads\/2017\/08\/DSC02909-1030x687.jpg 1030w, https:\/\/bei-deinem-namen-genannt.eu\/wp-content\/uploads\/2017\/08\/DSC02909-300x200.jpg 300w, https:\/\/bei-deinem-namen-genannt.eu\/wp-content\/uploads\/2017\/08\/DSC02909-768x513.jpg 768w, https:\/\/bei-deinem-namen-genannt.eu\/wp-content\/uploads\/2017\/08\/DSC02909-1500x1001.jpg 1500w, https:\/\/bei-deinem-namen-genannt.eu\/wp-content\/uploads\/2017\/08\/DSC02909-705x471.jpg 705w, https:\/\/bei-deinem-namen-genannt.eu\/wp-content\/uploads\/2017\/08\/DSC02909-450x300.jpg 450w\" data-sizes=\"(max-width: 1030px) 100vw, 1030px\"  aria-label=\"image 21. August 2018, St. Nicolai L\u00fcneburg \u2013 Die zweisprachige Ausstellung \u00bbBei Deinem Namen genannt: Nikolaus\u00ab (21.8. bis 4.10.) will Ausgangsort sein, um die Geschichte von Namen und Kirchen, Menschen und Orten am Beispiel von Nikolaus kennenzulernen\"  id='av-masonry-1-item-1929' data-av-masonry-item='1929' class='av-masonry-entry isotope-item post-1929 attachment type-attachment status-inherit hentry  av-masonry-item-with-image' title=\"21. August 2018, St. Nicolai L\u00fcneburg \u2013 Die zweisprachige Ausstellung \u00bbBei Deinem Namen genannt: Nikolaus\u00ab (21.8. bis 4.10.) will Ausgangsort sein, um die Geschichte von Namen und Kirchen, Menschen und Orten am Beispiel von Nikolaus kennenzulernen\" alt=\"\"    itemprop=\"thumbnailUrl\" ><div class='av-inner-masonry-sizer'><\/div><figure class='av-inner-masonry main_color'><div class=\"av-masonry-outerimage-container\"><div class='av-masonry-image-container'   ><img decoding=\"async\" width=\"705\" height=\"471\" class=\"wp-image-1929 avia-img-lazy-loading-not-1929\"  src=\"https:\/\/bei-deinem-namen-genannt.eu\/wp-content\/uploads\/2017\/08\/DSC02909-705x471.jpg\" title=\"21. August 2018, St. Nicolai L\u00fcneburg \u2013 Die zweisprachige Ausstellung \u00bbBei Deinem Namen genannt: Nikolaus\u00ab (21.8. bis 4.10.) will Ausgangsort sein, um die Geschichte von Namen und Kirchen, Menschen und Orten am Beispiel von Nikolaus kennenzulernen\" alt=\"\" srcset=\"https:\/\/bei-deinem-namen-genannt.eu\/wp-content\/uploads\/2017\/08\/DSC02909-705x471.jpg 705w, https:\/\/bei-deinem-namen-genannt.eu\/wp-content\/uploads\/2017\/08\/DSC02909-300x200.jpg 300w, https:\/\/bei-deinem-namen-genannt.eu\/wp-content\/uploads\/2017\/08\/DSC02909-768x513.jpg 768w, https:\/\/bei-deinem-namen-genannt.eu\/wp-content\/uploads\/2017\/08\/DSC02909-1030x687.jpg 1030w, https:\/\/bei-deinem-namen-genannt.eu\/wp-content\/uploads\/2017\/08\/DSC02909-1500x1001.jpg 1500w, https:\/\/bei-deinem-namen-genannt.eu\/wp-content\/uploads\/2017\/08\/DSC02909-450x300.jpg 450w\" sizes=\"(max-width: 705px) 100vw, 705px\" \/><\/div><\/div><\/figure><\/a><!--end av-masonry entry--><a href=\"https:\/\/bei-deinem-namen-genannt.eu\/wp-content\/uploads\/2017\/08\/DSC02901-687x1030.jpg\" data-srcset=\"https:\/\/bei-deinem-namen-genannt.eu\/wp-content\/uploads\/2017\/08\/DSC02901-687x1030.jpg 687w, https:\/\/bei-deinem-namen-genannt.eu\/wp-content\/uploads\/2017\/08\/DSC02901-200x300.jpg 200w, https:\/\/bei-deinem-namen-genannt.eu\/wp-content\/uploads\/2017\/08\/DSC02901-768x1151.jpg 768w, https:\/\/bei-deinem-namen-genannt.eu\/wp-content\/uploads\/2017\/08\/DSC02901-1001x1500.jpg 1001w, https:\/\/bei-deinem-namen-genannt.eu\/wp-content\/uploads\/2017\/08\/DSC02901-471x705.jpg 471w, https:\/\/bei-deinem-namen-genannt.eu\/wp-content\/uploads\/2017\/08\/DSC02901-450x674.jpg 450w, https:\/\/bei-deinem-namen-genannt.eu\/wp-content\/uploads\/2017\/08\/DSC02901.jpg 1535w\" data-sizes=\"(max-width: 687px) 100vw, 687px\"  aria-label=\"image 21. August 2018, St. Nicolai L\u00fcneburg \u2013 Die zweisprachige Ausstellung \u00bbBei Deinem Namen genannt: Nikolaus\u00ab (21.8. bis 4.10.) will Ausgangsort sein, um die Geschichte von Namen und Kirchen, Menschen und Orten am Beispiel von Nikolaus kennenzulernen\"  id='av-masonry-1-item-1899' data-av-masonry-item='1899' class='av-masonry-entry isotope-item post-1899 attachment type-attachment status-inherit hentry  av-masonry-item-with-image' title=\"21. August 2018, St. Nicolai L\u00fcneburg \u2013 Die zweisprachige Ausstellung \u00bbBei Deinem Namen genannt: Nikolaus\u00ab (21.8. bis 4.10.) will Ausgangsort sein, um die Geschichte von Namen und Kirchen, Menschen und Orten am Beispiel von Nikolaus kennenzulernen\" alt=\"\"    itemprop=\"thumbnailUrl\" ><div class='av-inner-masonry-sizer'><\/div><figure class='av-inner-masonry main_color'><div class=\"av-masonry-outerimage-container\"><div class='av-masonry-image-container'   ><img decoding=\"async\" width=\"471\" height=\"705\" class=\"wp-image-1899 avia-img-lazy-loading-not-1899\"  src=\"https:\/\/bei-deinem-namen-genannt.eu\/wp-content\/uploads\/2017\/08\/DSC02901-471x705.jpg\" title=\"21. August 2018, St. Nicolai L\u00fcneburg \u2013 Die zweisprachige Ausstellung \u00bbBei Deinem Namen genannt: Nikolaus\u00ab (21.8. bis 4.10.) will Ausgangsort sein, um die Geschichte von Namen und Kirchen, Menschen und Orten am Beispiel von Nikolaus kennenzulernen\" alt=\"\" srcset=\"https:\/\/bei-deinem-namen-genannt.eu\/wp-content\/uploads\/2017\/08\/DSC02901-471x705.jpg 471w, https:\/\/bei-deinem-namen-genannt.eu\/wp-content\/uploads\/2017\/08\/DSC02901-200x300.jpg 200w, https:\/\/bei-deinem-namen-genannt.eu\/wp-content\/uploads\/2017\/08\/DSC02901-768x1151.jpg 768w, https:\/\/bei-deinem-namen-genannt.eu\/wp-content\/uploads\/2017\/08\/DSC02901-687x1030.jpg 687w, https:\/\/bei-deinem-namen-genannt.eu\/wp-content\/uploads\/2017\/08\/DSC02901-1001x1500.jpg 1001w, https:\/\/bei-deinem-namen-genannt.eu\/wp-content\/uploads\/2017\/08\/DSC02901-450x674.jpg 450w, https:\/\/bei-deinem-namen-genannt.eu\/wp-content\/uploads\/2017\/08\/DSC02901.jpg 1535w\" sizes=\"(max-width: 471px) 100vw, 471px\" \/><\/div><\/div><\/figure><\/a><!--end av-masonry entry--><a href=\"https:\/\/bei-deinem-namen-genannt.eu\/wp-content\/uploads\/2017\/08\/DSC02924-1030x687.jpg\" data-srcset=\"https:\/\/bei-deinem-namen-genannt.eu\/wp-content\/uploads\/2017\/08\/DSC02924-1030x687.jpg 1030w, https:\/\/bei-deinem-namen-genannt.eu\/wp-content\/uploads\/2017\/08\/DSC02924-300x200.jpg 300w, https:\/\/bei-deinem-namen-genannt.eu\/wp-content\/uploads\/2017\/08\/DSC02924-768x513.jpg 768w, https:\/\/bei-deinem-namen-genannt.eu\/wp-content\/uploads\/2017\/08\/DSC02924-1500x1001.jpg 1500w, https:\/\/bei-deinem-namen-genannt.eu\/wp-content\/uploads\/2017\/08\/DSC02924-705x471.jpg 705w, https:\/\/bei-deinem-namen-genannt.eu\/wp-content\/uploads\/2017\/08\/DSC02924-450x300.jpg 450w\" data-sizes=\"(max-width: 1030px) 100vw, 1030px\"  aria-label=\"image 21. August 2018, St. Nicolai L\u00fcneburg \u2013 Die zweisprachige Ausstellung \u00bbBei Deinem Namen genannt: Nikolaus\u00ab (21.8. bis 4.10.) will Ausgangsort sein, um die Geschichte von Namen und Kirchen, Menschen und Orten am Beispiel von Nikolaus kennenzulernen\"  id='av-masonry-1-item-1902' data-av-masonry-item='1902' class='av-masonry-entry isotope-item post-1902 attachment type-attachment status-inherit hentry  av-masonry-item-with-image' title=\"21. August 2018, St. Nicolai L\u00fcneburg \u2013 Die zweisprachige Ausstellung \u00bbBei Deinem Namen genannt: Nikolaus\u00ab (21.8. bis 4.10.) will Ausgangsort sein, um die Geschichte von Namen und Kirchen, Menschen und Orten am Beispiel von Nikolaus kennenzulernen\" alt=\"\"    itemprop=\"thumbnailUrl\" ><div class='av-inner-masonry-sizer'><\/div><figure class='av-inner-masonry main_color'><div class=\"av-masonry-outerimage-container\"><div class='av-masonry-image-container'   ><img decoding=\"async\" width=\"705\" height=\"471\" class=\"wp-image-1902 avia-img-lazy-loading-not-1902\"  src=\"https:\/\/bei-deinem-namen-genannt.eu\/wp-content\/uploads\/2017\/08\/DSC02924-705x471.jpg\" title=\"21. August 2018, St. Nicolai L\u00fcneburg \u2013 Die zweisprachige Ausstellung \u00bbBei Deinem Namen genannt: Nikolaus\u00ab (21.8. bis 4.10.) will Ausgangsort sein, um die Geschichte von Namen und Kirchen, Menschen und Orten am Beispiel von Nikolaus kennenzulernen\" alt=\"\" srcset=\"https:\/\/bei-deinem-namen-genannt.eu\/wp-content\/uploads\/2017\/08\/DSC02924-705x471.jpg 705w, https:\/\/bei-deinem-namen-genannt.eu\/wp-content\/uploads\/2017\/08\/DSC02924-300x200.jpg 300w, https:\/\/bei-deinem-namen-genannt.eu\/wp-content\/uploads\/2017\/08\/DSC02924-768x513.jpg 768w, https:\/\/bei-deinem-namen-genannt.eu\/wp-content\/uploads\/2017\/08\/DSC02924-1030x687.jpg 1030w, https:\/\/bei-deinem-namen-genannt.eu\/wp-content\/uploads\/2017\/08\/DSC02924-1500x1001.jpg 1500w, https:\/\/bei-deinem-namen-genannt.eu\/wp-content\/uploads\/2017\/08\/DSC02924-450x300.jpg 450w\" sizes=\"(max-width: 705px) 100vw, 705px\" \/><\/div><\/div><\/figure><\/a><!--end av-masonry entry--><a href=\"https:\/\/bei-deinem-namen-genannt.eu\/wp-content\/uploads\/2017\/08\/DSC02933-687x1030.jpg\" data-srcset=\"https:\/\/bei-deinem-namen-genannt.eu\/wp-content\/uploads\/2017\/08\/DSC02933-687x1030.jpg 687w, https:\/\/bei-deinem-namen-genannt.eu\/wp-content\/uploads\/2017\/08\/DSC02933-200x300.jpg 200w, https:\/\/bei-deinem-namen-genannt.eu\/wp-content\/uploads\/2017\/08\/DSC02933-768x1151.jpg 768w, https:\/\/bei-deinem-namen-genannt.eu\/wp-content\/uploads\/2017\/08\/DSC02933-1001x1500.jpg 1001w, https:\/\/bei-deinem-namen-genannt.eu\/wp-content\/uploads\/2017\/08\/DSC02933-471x705.jpg 471w, https:\/\/bei-deinem-namen-genannt.eu\/wp-content\/uploads\/2017\/08\/DSC02933-450x674.jpg 450w, https:\/\/bei-deinem-namen-genannt.eu\/wp-content\/uploads\/2017\/08\/DSC02933.jpg 1535w\" data-sizes=\"(max-width: 687px) 100vw, 687px\"  aria-label=\"image 21. August 2018, St. Nicolai L\u00fcneburg \u2013 Die zweisprachige Ausstellung \u00bbBei Deinem Namen genannt: Nikolaus\u00ab (21.8. bis 4.10.) will Ausgangsort sein, um die Geschichte von Namen und Kirchen, Menschen und Orten am Beispiel von Nikolaus kennenzulernen\"  id='av-masonry-1-item-1905' data-av-masonry-item='1905' class='av-masonry-entry isotope-item post-1905 attachment type-attachment status-inherit hentry  av-masonry-item-with-image' title=\"21. August 2018, St. Nicolai L\u00fcneburg \u2013 Die zweisprachige Ausstellung \u00bbBei Deinem Namen genannt: Nikolaus\u00ab (21.8. bis 4.10.) will Ausgangsort sein, um die Geschichte von Namen und Kirchen, Menschen und Orten am Beispiel von Nikolaus kennenzulernen\" alt=\"\"    itemprop=\"thumbnailUrl\" ><div class='av-inner-masonry-sizer'><\/div><figure class='av-inner-masonry main_color'><div class=\"av-masonry-outerimage-container\"><div class='av-masonry-image-container'   ><img decoding=\"async\" width=\"471\" height=\"705\" class=\"wp-image-1905 avia-img-lazy-loading-not-1905\"  src=\"https:\/\/bei-deinem-namen-genannt.eu\/wp-content\/uploads\/2017\/08\/DSC02933-471x705.jpg\" title=\"21. August 2018, St. Nicolai L\u00fcneburg \u2013 Die zweisprachige Ausstellung \u00bbBei Deinem Namen genannt: Nikolaus\u00ab (21.8. bis 4.10.) will Ausgangsort sein, um die Geschichte von Namen und Kirchen, Menschen und Orten am Beispiel von Nikolaus kennenzulernen\" alt=\"\" srcset=\"https:\/\/bei-deinem-namen-genannt.eu\/wp-content\/uploads\/2017\/08\/DSC02933-471x705.jpg 471w, https:\/\/bei-deinem-namen-genannt.eu\/wp-content\/uploads\/2017\/08\/DSC02933-200x300.jpg 200w, https:\/\/bei-deinem-namen-genannt.eu\/wp-content\/uploads\/2017\/08\/DSC02933-768x1151.jpg 768w, https:\/\/bei-deinem-namen-genannt.eu\/wp-content\/uploads\/2017\/08\/DSC02933-687x1030.jpg 687w, https:\/\/bei-deinem-namen-genannt.eu\/wp-content\/uploads\/2017\/08\/DSC02933-1001x1500.jpg 1001w, https:\/\/bei-deinem-namen-genannt.eu\/wp-content\/uploads\/2017\/08\/DSC02933-450x674.jpg 450w, https:\/\/bei-deinem-namen-genannt.eu\/wp-content\/uploads\/2017\/08\/DSC02933.jpg 1535w\" sizes=\"(max-width: 471px) 100vw, 471px\" \/><\/div><\/div><\/figure><\/a><!--end av-masonry entry--><a href=\"https:\/\/bei-deinem-namen-genannt.eu\/wp-content\/uploads\/2017\/08\/DSC02938-1030x687.jpg\" data-srcset=\"https:\/\/bei-deinem-namen-genannt.eu\/wp-content\/uploads\/2017\/08\/DSC02938-1030x687.jpg 1030w, https:\/\/bei-deinem-namen-genannt.eu\/wp-content\/uploads\/2017\/08\/DSC02938-300x200.jpg 300w, https:\/\/bei-deinem-namen-genannt.eu\/wp-content\/uploads\/2017\/08\/DSC02938-768x513.jpg 768w, https:\/\/bei-deinem-namen-genannt.eu\/wp-content\/uploads\/2017\/08\/DSC02938-1500x1001.jpg 1500w, https:\/\/bei-deinem-namen-genannt.eu\/wp-content\/uploads\/2017\/08\/DSC02938-705x471.jpg 705w, https:\/\/bei-deinem-namen-genannt.eu\/wp-content\/uploads\/2017\/08\/DSC02938-450x300.jpg 450w\" data-sizes=\"(max-width: 1030px) 100vw, 1030px\"  aria-label=\"image 21. August 2018, St. Nicolai L\u00fcneburg \u2013 Die zweisprachige Ausstellung \u00bbBei Deinem Namen genannt: Nikolaus\u00ab (21.8. bis 4.10.) will Ausgangsort sein, um die Geschichte von Namen und Kirchen, Menschen und Orten am Beispiel von Nikolaus kennenzulernen\"  id='av-masonry-1-item-1908' data-av-masonry-item='1908' class='av-masonry-entry isotope-item post-1908 attachment type-attachment status-inherit hentry  av-masonry-item-with-image' title=\"21. August 2018, St. Nicolai L\u00fcneburg \u2013 Die zweisprachige Ausstellung \u00bbBei Deinem Namen genannt: Nikolaus\u00ab (21.8. bis 4.10.) will Ausgangsort sein, um die Geschichte von Namen und Kirchen, Menschen und Orten am Beispiel von Nikolaus kennenzulernen\" alt=\"\"    itemprop=\"thumbnailUrl\" ><div class='av-inner-masonry-sizer'><\/div><figure class='av-inner-masonry main_color'><div class=\"av-masonry-outerimage-container\"><div class='av-masonry-image-container'   ><img decoding=\"async\" width=\"705\" height=\"471\" class=\"wp-image-1908 avia-img-lazy-loading-not-1908\"  src=\"https:\/\/bei-deinem-namen-genannt.eu\/wp-content\/uploads\/2017\/08\/DSC02938-705x471.jpg\" title=\"21. August 2018, St. Nicolai L\u00fcneburg \u2013 Die zweisprachige Ausstellung \u00bbBei Deinem Namen genannt: Nikolaus\u00ab (21.8. bis 4.10.) will Ausgangsort sein, um die Geschichte von Namen und Kirchen, Menschen und Orten am Beispiel von Nikolaus kennenzulernen\" alt=\"\" srcset=\"https:\/\/bei-deinem-namen-genannt.eu\/wp-content\/uploads\/2017\/08\/DSC02938-705x471.jpg 705w, https:\/\/bei-deinem-namen-genannt.eu\/wp-content\/uploads\/2017\/08\/DSC02938-300x200.jpg 300w, https:\/\/bei-deinem-namen-genannt.eu\/wp-content\/uploads\/2017\/08\/DSC02938-768x513.jpg 768w, https:\/\/bei-deinem-namen-genannt.eu\/wp-content\/uploads\/2017\/08\/DSC02938-1030x687.jpg 1030w, https:\/\/bei-deinem-namen-genannt.eu\/wp-content\/uploads\/2017\/08\/DSC02938-1500x1001.jpg 1500w, https:\/\/bei-deinem-namen-genannt.eu\/wp-content\/uploads\/2017\/08\/DSC02938-450x300.jpg 450w\" sizes=\"(max-width: 705px) 100vw, 705px\" \/><\/div><\/div><\/figure><\/a><!--end av-masonry entry--><a href=\"https:\/\/bei-deinem-namen-genannt.eu\/wp-content\/uploads\/2017\/08\/DSC02941-687x1030.jpg\" data-srcset=\"https:\/\/bei-deinem-namen-genannt.eu\/wp-content\/uploads\/2017\/08\/DSC02941-687x1030.jpg 687w, https:\/\/bei-deinem-namen-genannt.eu\/wp-content\/uploads\/2017\/08\/DSC02941-200x300.jpg 200w, https:\/\/bei-deinem-namen-genannt.eu\/wp-content\/uploads\/2017\/08\/DSC02941-768x1151.jpg 768w, https:\/\/bei-deinem-namen-genannt.eu\/wp-content\/uploads\/2017\/08\/DSC02941-1001x1500.jpg 1001w, https:\/\/bei-deinem-namen-genannt.eu\/wp-content\/uploads\/2017\/08\/DSC02941-471x705.jpg 471w, https:\/\/bei-deinem-namen-genannt.eu\/wp-content\/uploads\/2017\/08\/DSC02941-450x674.jpg 450w, https:\/\/bei-deinem-namen-genannt.eu\/wp-content\/uploads\/2017\/08\/DSC02941.jpg 1535w\" data-sizes=\"(max-width: 687px) 100vw, 687px\"  aria-label=\"image 21. August 2018, St. Nicolai L\u00fcneburg \u2013 Die zweisprachige Ausstellung \u00bbBei Deinem Namen genannt: Nikolaus\u00ab (21.8. bis 4.10.) will Ausgangsort sein, um die Geschichte von Namen und Kirchen, Menschen und Orten am Beispiel von Nikolaus kennenzulernen\"  id='av-masonry-1-item-1911' data-av-masonry-item='1911' class='av-masonry-entry isotope-item post-1911 attachment type-attachment status-inherit hentry  av-masonry-item-with-image' title=\"21. August 2018, St. Nicolai L\u00fcneburg \u2013 Die zweisprachige Ausstellung \u00bbBei Deinem Namen genannt: Nikolaus\u00ab (21.8. bis 4.10.) will Ausgangsort sein, um die Geschichte von Namen und Kirchen, Menschen und Orten am Beispiel von Nikolaus kennenzulernen\" alt=\"\"    itemprop=\"thumbnailUrl\" ><div class='av-inner-masonry-sizer'><\/div><figure class='av-inner-masonry main_color'><div class=\"av-masonry-outerimage-container\"><div class='av-masonry-image-container'   ><img decoding=\"async\" width=\"471\" height=\"705\" class=\"wp-image-1911 avia-img-lazy-loading-not-1911\"  src=\"https:\/\/bei-deinem-namen-genannt.eu\/wp-content\/uploads\/2017\/08\/DSC02941-471x705.jpg\" title=\"21. August 2018, St. Nicolai L\u00fcneburg \u2013 Die zweisprachige Ausstellung \u00bbBei Deinem Namen genannt: Nikolaus\u00ab (21.8. bis 4.10.) will Ausgangsort sein, um die Geschichte von Namen und Kirchen, Menschen und Orten am Beispiel von Nikolaus kennenzulernen\" alt=\"\" srcset=\"https:\/\/bei-deinem-namen-genannt.eu\/wp-content\/uploads\/2017\/08\/DSC02941-471x705.jpg 471w, https:\/\/bei-deinem-namen-genannt.eu\/wp-content\/uploads\/2017\/08\/DSC02941-200x300.jpg 200w, https:\/\/bei-deinem-namen-genannt.eu\/wp-content\/uploads\/2017\/08\/DSC02941-768x1151.jpg 768w, https:\/\/bei-deinem-namen-genannt.eu\/wp-content\/uploads\/2017\/08\/DSC02941-687x1030.jpg 687w, https:\/\/bei-deinem-namen-genannt.eu\/wp-content\/uploads\/2017\/08\/DSC02941-1001x1500.jpg 1001w, https:\/\/bei-deinem-namen-genannt.eu\/wp-content\/uploads\/2017\/08\/DSC02941-450x674.jpg 450w, https:\/\/bei-deinem-namen-genannt.eu\/wp-content\/uploads\/2017\/08\/DSC02941.jpg 1535w\" sizes=\"(max-width: 471px) 100vw, 471px\" \/><\/div><\/div><\/figure><\/a><!--end av-masonry entry--><a href=\"https:\/\/bei-deinem-namen-genannt.eu\/wp-content\/uploads\/2017\/08\/DSC02943-1030x687.jpg\" data-srcset=\"https:\/\/bei-deinem-namen-genannt.eu\/wp-content\/uploads\/2017\/08\/DSC02943-1030x687.jpg 1030w, https:\/\/bei-deinem-namen-genannt.eu\/wp-content\/uploads\/2017\/08\/DSC02943-300x200.jpg 300w, https:\/\/bei-deinem-namen-genannt.eu\/wp-content\/uploads\/2017\/08\/DSC02943-768x513.jpg 768w, https:\/\/bei-deinem-namen-genannt.eu\/wp-content\/uploads\/2017\/08\/DSC02943-1500x1001.jpg 1500w, https:\/\/bei-deinem-namen-genannt.eu\/wp-content\/uploads\/2017\/08\/DSC02943-705x471.jpg 705w, https:\/\/bei-deinem-namen-genannt.eu\/wp-content\/uploads\/2017\/08\/DSC02943-450x300.jpg 450w\" data-sizes=\"(max-width: 1030px) 100vw, 1030px\"  aria-label=\"image 21. August 2018, St. Nicolai L\u00fcneburg \u2013 Die zweisprachige Ausstellung \u00bbBei Deinem Namen genannt: Nikolaus\u00ab (21.8. bis 4.10.) will Ausgangsort sein, um die Geschichte von Namen und Kirchen, Menschen und Orten am Beispiel von Nikolaus kennenzulernen\"  id='av-masonry-1-item-1914' data-av-masonry-item='1914' class='av-masonry-entry isotope-item post-1914 attachment type-attachment status-inherit hentry  av-masonry-item-with-image' title=\"21. August 2018, St. Nicolai L\u00fcneburg \u2013 Die zweisprachige Ausstellung \u00bbBei Deinem Namen genannt: Nikolaus\u00ab (21.8. bis 4.10.) will Ausgangsort sein, um die Geschichte von Namen und Kirchen, Menschen und Orten am Beispiel von Nikolaus kennenzulernen\" alt=\"\"    itemprop=\"thumbnailUrl\" ><div class='av-inner-masonry-sizer'><\/div><figure class='av-inner-masonry main_color'><div class=\"av-masonry-outerimage-container\"><div class='av-masonry-image-container'   ><img decoding=\"async\" width=\"705\" height=\"471\" class=\"wp-image-1914 avia-img-lazy-loading-not-1914\"  src=\"https:\/\/bei-deinem-namen-genannt.eu\/wp-content\/uploads\/2017\/08\/DSC02943-705x471.jpg\" title=\"21. August 2018, St. Nicolai L\u00fcneburg \u2013 Die zweisprachige Ausstellung \u00bbBei Deinem Namen genannt: Nikolaus\u00ab (21.8. bis 4.10.) will Ausgangsort sein, um die Geschichte von Namen und Kirchen, Menschen und Orten am Beispiel von Nikolaus kennenzulernen\" alt=\"\" srcset=\"https:\/\/bei-deinem-namen-genannt.eu\/wp-content\/uploads\/2017\/08\/DSC02943-705x471.jpg 705w, https:\/\/bei-deinem-namen-genannt.eu\/wp-content\/uploads\/2017\/08\/DSC02943-300x200.jpg 300w, https:\/\/bei-deinem-namen-genannt.eu\/wp-content\/uploads\/2017\/08\/DSC02943-768x513.jpg 768w, https:\/\/bei-deinem-namen-genannt.eu\/wp-content\/uploads\/2017\/08\/DSC02943-1030x687.jpg 1030w, https:\/\/bei-deinem-namen-genannt.eu\/wp-content\/uploads\/2017\/08\/DSC02943-1500x1001.jpg 1500w, https:\/\/bei-deinem-namen-genannt.eu\/wp-content\/uploads\/2017\/08\/DSC02943-450x300.jpg 450w\" sizes=\"(max-width: 705px) 100vw, 705px\" \/><\/div><\/div><\/figure><\/a><!--end av-masonry entry--><a href=\"https:\/\/bei-deinem-namen-genannt.eu\/wp-content\/uploads\/2017\/08\/DSC02951-1030x687.jpg\" data-srcset=\"https:\/\/bei-deinem-namen-genannt.eu\/wp-content\/uploads\/2017\/08\/DSC02951-1030x687.jpg 1030w, https:\/\/bei-deinem-namen-genannt.eu\/wp-content\/uploads\/2017\/08\/DSC02951-300x200.jpg 300w, https:\/\/bei-deinem-namen-genannt.eu\/wp-content\/uploads\/2017\/08\/DSC02951-768x513.jpg 768w, https:\/\/bei-deinem-namen-genannt.eu\/wp-content\/uploads\/2017\/08\/DSC02951-1500x1001.jpg 1500w, https:\/\/bei-deinem-namen-genannt.eu\/wp-content\/uploads\/2017\/08\/DSC02951-705x471.jpg 705w, https:\/\/bei-deinem-namen-genannt.eu\/wp-content\/uploads\/2017\/08\/DSC02951-450x300.jpg 450w\" data-sizes=\"(max-width: 1030px) 100vw, 1030px\"  aria-label=\"image 21. August 2018, St. Nicolai L\u00fcneburg \u2013 Die zweisprachige Ausstellung \u00bbBei Deinem Namen genannt: Nikolaus\u00ab (21.8. bis 4.10.) will Ausgangsort sein, um die Geschichte von Namen und Kirchen, Menschen und Orten am Beispiel von Nikolaus kennenzulernen\"  id='av-masonry-1-item-1917' data-av-masonry-item='1917' class='av-masonry-entry isotope-item post-1917 attachment type-attachment status-inherit hentry  av-masonry-item-with-image' title=\"21. August 2018, St. Nicolai L\u00fcneburg \u2013 Die zweisprachige Ausstellung \u00bbBei Deinem Namen genannt: Nikolaus\u00ab (21.8. bis 4.10.) will Ausgangsort sein, um die Geschichte von Namen und Kirchen, Menschen und Orten am Beispiel von Nikolaus kennenzulernen\" alt=\"\"    itemprop=\"thumbnailUrl\" ><div class='av-inner-masonry-sizer'><\/div><figure class='av-inner-masonry main_color'><div class=\"av-masonry-outerimage-container\"><div class='av-masonry-image-container'   ><img decoding=\"async\" width=\"705\" height=\"471\" class=\"wp-image-1917 avia-img-lazy-loading-not-1917\"  src=\"https:\/\/bei-deinem-namen-genannt.eu\/wp-content\/uploads\/2017\/08\/DSC02951-705x471.jpg\" title=\"21. August 2018, St. Nicolai L\u00fcneburg \u2013 Die zweisprachige Ausstellung \u00bbBei Deinem Namen genannt: Nikolaus\u00ab (21.8. bis 4.10.) will Ausgangsort sein, um die Geschichte von Namen und Kirchen, Menschen und Orten am Beispiel von Nikolaus kennenzulernen\" alt=\"\" srcset=\"https:\/\/bei-deinem-namen-genannt.eu\/wp-content\/uploads\/2017\/08\/DSC02951-705x471.jpg 705w, https:\/\/bei-deinem-namen-genannt.eu\/wp-content\/uploads\/2017\/08\/DSC02951-300x200.jpg 300w, https:\/\/bei-deinem-namen-genannt.eu\/wp-content\/uploads\/2017\/08\/DSC02951-768x513.jpg 768w, https:\/\/bei-deinem-namen-genannt.eu\/wp-content\/uploads\/2017\/08\/DSC02951-1030x687.jpg 1030w, https:\/\/bei-deinem-namen-genannt.eu\/wp-content\/uploads\/2017\/08\/DSC02951-1500x1001.jpg 1500w, https:\/\/bei-deinem-namen-genannt.eu\/wp-content\/uploads\/2017\/08\/DSC02951-450x300.jpg 450w\" sizes=\"(max-width: 705px) 100vw, 705px\" \/><\/div><\/div><\/figure><\/a><!--end av-masonry entry--><a href=\"https:\/\/bei-deinem-namen-genannt.eu\/wp-content\/uploads\/2017\/08\/DSC02954-1030x687.jpg\" data-srcset=\"https:\/\/bei-deinem-namen-genannt.eu\/wp-content\/uploads\/2017\/08\/DSC02954-1030x687.jpg 1030w, https:\/\/bei-deinem-namen-genannt.eu\/wp-content\/uploads\/2017\/08\/DSC02954-300x200.jpg 300w, https:\/\/bei-deinem-namen-genannt.eu\/wp-content\/uploads\/2017\/08\/DSC02954-768x513.jpg 768w, https:\/\/bei-deinem-namen-genannt.eu\/wp-content\/uploads\/2017\/08\/DSC02954-1500x1001.jpg 1500w, https:\/\/bei-deinem-namen-genannt.eu\/wp-content\/uploads\/2017\/08\/DSC02954-705x471.jpg 705w, https:\/\/bei-deinem-namen-genannt.eu\/wp-content\/uploads\/2017\/08\/DSC02954-450x300.jpg 450w\" data-sizes=\"(max-width: 1030px) 100vw, 1030px\"  aria-label=\"image 21. August 2018, St. Nicolai L\u00fcneburg \u2013 Die zweisprachige Ausstellung \u00bbBei Deinem Namen genannt: Nikolaus\u00ab (21.8. bis 4.10.) will Ausgangsort sein, um die Geschichte von Namen und Kirchen, Menschen und Orten am Beispiel von Nikolaus kennenzulernen\"  id='av-masonry-1-item-1920' data-av-masonry-item='1920' class='av-masonry-entry isotope-item post-1920 attachment type-attachment status-inherit hentry  av-masonry-item-with-image' title=\"21. August 2018, St. Nicolai L\u00fcneburg \u2013 Die zweisprachige Ausstellung \u00bbBei Deinem Namen genannt: Nikolaus\u00ab (21.8. bis 4.10.) will Ausgangsort sein, um die Geschichte von Namen und Kirchen, Menschen und Orten am Beispiel von Nikolaus kennenzulernen\" alt=\"\"    itemprop=\"thumbnailUrl\" ><div class='av-inner-masonry-sizer'><\/div><figure class='av-inner-masonry main_color'><div class=\"av-masonry-outerimage-container\"><div class='av-masonry-image-container'   ><img decoding=\"async\" width=\"705\" height=\"471\" class=\"wp-image-1920 avia-img-lazy-loading-not-1920\"  src=\"https:\/\/bei-deinem-namen-genannt.eu\/wp-content\/uploads\/2017\/08\/DSC02954-705x471.jpg\" title=\"21. August 2018, St. Nicolai L\u00fcneburg \u2013 Die zweisprachige Ausstellung \u00bbBei Deinem Namen genannt: Nikolaus\u00ab (21.8. bis 4.10.) will Ausgangsort sein, um die Geschichte von Namen und Kirchen, Menschen und Orten am Beispiel von Nikolaus kennenzulernen\" alt=\"\" srcset=\"https:\/\/bei-deinem-namen-genannt.eu\/wp-content\/uploads\/2017\/08\/DSC02954-705x471.jpg 705w, https:\/\/bei-deinem-namen-genannt.eu\/wp-content\/uploads\/2017\/08\/DSC02954-300x200.jpg 300w, https:\/\/bei-deinem-namen-genannt.eu\/wp-content\/uploads\/2017\/08\/DSC02954-768x513.jpg 768w, https:\/\/bei-deinem-namen-genannt.eu\/wp-content\/uploads\/2017\/08\/DSC02954-1030x687.jpg 1030w, https:\/\/bei-deinem-namen-genannt.eu\/wp-content\/uploads\/2017\/08\/DSC02954-1500x1001.jpg 1500w, https:\/\/bei-deinem-namen-genannt.eu\/wp-content\/uploads\/2017\/08\/DSC02954-450x300.jpg 450w\" sizes=\"(max-width: 705px) 100vw, 705px\" \/><\/div><\/div><\/figure><\/a><!--end av-masonry entry--><a href=\"https:\/\/bei-deinem-namen-genannt.eu\/wp-content\/uploads\/2017\/08\/DSC02964-1030x687.jpg\" data-srcset=\"https:\/\/bei-deinem-namen-genannt.eu\/wp-content\/uploads\/2017\/08\/DSC02964-1030x687.jpg 1030w, https:\/\/bei-deinem-namen-genannt.eu\/wp-content\/uploads\/2017\/08\/DSC02964-300x200.jpg 300w, https:\/\/bei-deinem-namen-genannt.eu\/wp-content\/uploads\/2017\/08\/DSC02964-768x513.jpg 768w, https:\/\/bei-deinem-namen-genannt.eu\/wp-content\/uploads\/2017\/08\/DSC02964-1500x1001.jpg 1500w, https:\/\/bei-deinem-namen-genannt.eu\/wp-content\/uploads\/2017\/08\/DSC02964-705x471.jpg 705w, https:\/\/bei-deinem-namen-genannt.eu\/wp-content\/uploads\/2017\/08\/DSC02964-450x300.jpg 450w\" data-sizes=\"(max-width: 1030px) 100vw, 1030px\"  aria-label=\"image 21. August 2018, St. Nicolai L\u00fcneburg \u2013 Die zweisprachige Ausstellung \u00bbBei Deinem Namen genannt: Nikolaus\u00ab (21.8. bis 4.10.) will Ausgangsort sein, um die Geschichte von Namen und Kirchen, Menschen und Orten am Beispiel von Nikolaus kennenzulernen\"  id='av-masonry-1-item-1926' data-av-masonry-item='1926' class='av-masonry-entry isotope-item post-1926 attachment type-attachment status-inherit hentry  av-masonry-item-with-image' title=\"21. August 2018, St. Nicolai L\u00fcneburg \u2013 Die zweisprachige Ausstellung \u00bbBei Deinem Namen genannt: Nikolaus\u00ab (21.8. bis 4.10.) will Ausgangsort sein, um die Geschichte von Namen und Kirchen, Menschen und Orten am Beispiel von Nikolaus kennenzulernen\" alt=\"\"    itemprop=\"thumbnailUrl\" ><div class='av-inner-masonry-sizer'><\/div><figure class='av-inner-masonry main_color'><div class=\"av-masonry-outerimage-container\"><div class='av-masonry-image-container'   ><img decoding=\"async\" width=\"705\" height=\"471\" class=\"wp-image-1926 avia-img-lazy-loading-not-1926\"  src=\"https:\/\/bei-deinem-namen-genannt.eu\/wp-content\/uploads\/2017\/08\/DSC02964-705x471.jpg\" title=\"21. August 2018, St. Nicolai L\u00fcneburg \u2013 Die zweisprachige Ausstellung \u00bbBei Deinem Namen genannt: Nikolaus\u00ab (21.8. bis 4.10.) will Ausgangsort sein, um die Geschichte von Namen und Kirchen, Menschen und Orten am Beispiel von Nikolaus kennenzulernen\" alt=\"\" srcset=\"https:\/\/bei-deinem-namen-genannt.eu\/wp-content\/uploads\/2017\/08\/DSC02964-705x471.jpg 705w, https:\/\/bei-deinem-namen-genannt.eu\/wp-content\/uploads\/2017\/08\/DSC02964-300x200.jpg 300w, https:\/\/bei-deinem-namen-genannt.eu\/wp-content\/uploads\/2017\/08\/DSC02964-768x513.jpg 768w, https:\/\/bei-deinem-namen-genannt.eu\/wp-content\/uploads\/2017\/08\/DSC02964-1030x687.jpg 1030w, https:\/\/bei-deinem-namen-genannt.eu\/wp-content\/uploads\/2017\/08\/DSC02964-1500x1001.jpg 1500w, https:\/\/bei-deinem-namen-genannt.eu\/wp-content\/uploads\/2017\/08\/DSC02964-450x300.jpg 450w\" sizes=\"(max-width: 705px) 100vw, 705px\" \/><\/div><\/div><\/figure><\/a><!--end av-masonry entry--><\/div><\/div>\n<\/div><\/div><\/main><!-- close content main element --><\/div><\/div><div id='after_section_1'  class='main_color av_default_container_wrap container_wrap sidebar_right'  ><div class='container av-section-cont-open' ><div class='template-page content  av-content-small alpha units'><div class='post-entry post-entry-type-page post-entry-939'><div class='entry-content-wrapper clearfix'>\n","protected":false},"excerpt":{"rendered":"","protected":false},"featured_media":1905,"comment_status":"closed","ping_status":"closed","template":"","tags":[],"portfolio_entries":[11],"class_list":["post-939","portfolio","type-portfolio","status-publish","has-post-thumbnail","hentry","portfolio_entries-alle-kirchen"],"yoast_head":"<!-- This site is optimized with the Yoast SEO plugin v25.5 - https:\/\/yoast.com\/wordpress\/plugins\/seo\/ -->\n<title>St. Nicolai L\u00fcneburg - Bei Deinem Namen genannt: Maria und Nikolaus<\/title>\n<meta name=\"robots\" content=\"index, follow, max-snippet:-1, max-image-preview:large, max-video-preview:-1\" \/>\n<link rel=\"canonical\" href=\"https:\/\/bei-deinem-namen-genannt.eu\/portfolio-item\/st-nicolai-lueneburg\/\" \/>\n<meta property=\"og:locale\" content=\"en_US\" \/>\n<meta property=\"og:type\" content=\"article\" \/>\n<meta property=\"og:title\" content=\"St. Nicolai L\u00fcneburg - Bei Deinem Namen genannt: Maria und Nikolaus\" \/>\n<meta property=\"og:url\" content=\"https:\/\/bei-deinem-namen-genannt.eu\/portfolio-item\/st-nicolai-lueneburg\/\" \/>\n<meta property=\"og:site_name\" content=\"Bei Deinem Namen genannt: Maria und Nikolaus\" \/>\n<meta property=\"article:modified_time\" content=\"2018-08-24T17:10:30+00:00\" \/>\n<meta property=\"og:image\" content=\"https:\/\/bei-deinem-namen-genannt.eu\/wp-content\/uploads\/2017\/08\/DSC02933-687x1030.jpg\" \/>\n\t<meta property=\"og:image:width\" content=\"687\" \/>\n\t<meta property=\"og:image:height\" content=\"1030\" \/>\n\t<meta property=\"og:image:type\" content=\"image\/jpeg\" \/>\n<meta name=\"twitter:card\" content=\"summary_large_image\" \/>\n<meta name=\"twitter:label1\" content=\"Est. reading time\" \/>\n\t<meta name=\"twitter:data1\" content=\"1 minute\" \/>\n<script type=\"application\/ld+json\" class=\"yoast-schema-graph\">{\"@context\":\"https:\/\/schema.org\",\"@graph\":[{\"@type\":\"WebPage\",\"@id\":\"https:\/\/bei-deinem-namen-genannt.eu\/portfolio-item\/st-nicolai-lueneburg\/\",\"url\":\"https:\/\/bei-deinem-namen-genannt.eu\/portfolio-item\/st-nicolai-lueneburg\/\",\"name\":\"St. Nicolai L\u00fcneburg - Bei Deinem Namen genannt: Maria und Nikolaus\",\"isPartOf\":{\"@id\":\"https:\/\/bei-deinem-namen-genannt.eu\/#website\"},\"primaryImageOfPage\":{\"@id\":\"https:\/\/bei-deinem-namen-genannt.eu\/portfolio-item\/st-nicolai-lueneburg\/#primaryimage\"},\"image\":{\"@id\":\"https:\/\/bei-deinem-namen-genannt.eu\/portfolio-item\/st-nicolai-lueneburg\/#primaryimage\"},\"thumbnailUrl\":\"https:\/\/bei-deinem-namen-genannt.eu\/wp-content\/uploads\/2017\/08\/DSC02933.jpg\",\"datePublished\":\"2017-08-21T15:02:35+00:00\",\"dateModified\":\"2018-08-24T17:10:30+00:00\",\"breadcrumb\":{\"@id\":\"https:\/\/bei-deinem-namen-genannt.eu\/portfolio-item\/st-nicolai-lueneburg\/#breadcrumb\"},\"inLanguage\":\"en-US\",\"potentialAction\":[{\"@type\":\"ReadAction\",\"target\":[\"https:\/\/bei-deinem-namen-genannt.eu\/portfolio-item\/st-nicolai-lueneburg\/\"]}]},{\"@type\":\"ImageObject\",\"inLanguage\":\"en-US\",\"@id\":\"https:\/\/bei-deinem-namen-genannt.eu\/portfolio-item\/st-nicolai-lueneburg\/#primaryimage\",\"url\":\"https:\/\/bei-deinem-namen-genannt.eu\/wp-content\/uploads\/2017\/08\/DSC02933.jpg\",\"contentUrl\":\"https:\/\/bei-deinem-namen-genannt.eu\/wp-content\/uploads\/2017\/08\/DSC02933.jpg\",\"width\":1535,\"height\":2300,\"caption\":\"21. August 2018, St. Nicolai L\u00fcneburg \u2013 Die zweisprachige Ausstellung \u00bbBei Deinem Namen genannt: Nikolaus\u00ab (21.8. bis 4.10.) will Ausgangsort sein, um die Geschichte von Namen und Kirchen, Menschen und Orten am Beispiel von Nikolaus kennenzulernen \u2013 und so schlie\u00dflich beim eigenen Namen anzukommen: Nele oder Lisa, Linus oder Finn. Sie erz\u00e4hlt von Nikolaus von Myra, dem Gabenbringer des 6.\u00a0Dezember, in \u00bbseiner\u00ab Farbe rot, begleitet von Illustrationen der Nikolaus-Szenen aus dem \u00bbPerugia-Altar\u00ab Fra Angelicos und dem Nikolaus-Altar der th\u00fcringischen Stadt M\u00fchlhausen. Gedanken zum Kontext des Themas f\u00fchren zur Wahrnehmung von Ort, Geschichte und Name als Teil der eigenen Identit\u00e4t, eingebettet in den \u00fcberregional-europ\u00e4ischen Kontext. Die Ausstellung f\u00fcr Sch\u00fclergruppen und Erwachsene wurde vom Kulturb\u00fcro des Rates der EKD initiiert, findet mit Unterst\u00fctzung der Beauftragten der Bundesregierung f\u00fcr Kultur und Medien in Kooperation mit der Guardini-Stiftung statt und ist Teil des ersten Europ\u00e4ischen Kulturerbejahres 2018 \u00bbSharing Heritage\u00ab. (Foto: Ralf Kl\u00f6den, Berlin)\"},{\"@type\":\"BreadcrumbList\",\"@id\":\"https:\/\/bei-deinem-namen-genannt.eu\/portfolio-item\/st-nicolai-lueneburg\/#breadcrumb\",\"itemListElement\":[{\"@type\":\"ListItem\",\"position\":1,\"name\":\"Startseite\",\"item\":\"https:\/\/bei-deinem-namen-genannt.eu\/allgemein\/\"},{\"@type\":\"ListItem\",\"position\":2,\"name\":\"St. Nicolai L\u00fcneburg\"}]},{\"@type\":\"WebSite\",\"@id\":\"https:\/\/bei-deinem-namen-genannt.eu\/#website\",\"url\":\"https:\/\/bei-deinem-namen-genannt.eu\/\",\"name\":\"Bei Deinem Namen genannt: Maria und Nikolaus\",\"description\":\"Europ\u00e4isches Kulturerbejahr 2018 \u00bbSharing Heritage\u00ab\",\"potentialAction\":[{\"@type\":\"SearchAction\",\"target\":{\"@type\":\"EntryPoint\",\"urlTemplate\":\"https:\/\/bei-deinem-namen-genannt.eu\/?s={search_term_string}\"},\"query-input\":{\"@type\":\"PropertyValueSpecification\",\"valueRequired\":true,\"valueName\":\"search_term_string\"}}],\"inLanguage\":\"en-US\"}]}<\/script>\n<!-- \/ Yoast SEO plugin. -->","yoast_head_json":{"title":"St. Nicolai L\u00fcneburg - Bei Deinem Namen genannt: Maria und Nikolaus","robots":{"index":"index","follow":"follow","max-snippet":"max-snippet:-1","max-image-preview":"max-image-preview:large","max-video-preview":"max-video-preview:-1"},"canonical":"https:\/\/bei-deinem-namen-genannt.eu\/portfolio-item\/st-nicolai-lueneburg\/","og_locale":"en_US","og_type":"article","og_title":"St. Nicolai L\u00fcneburg - Bei Deinem Namen genannt: Maria und Nikolaus","og_url":"https:\/\/bei-deinem-namen-genannt.eu\/portfolio-item\/st-nicolai-lueneburg\/","og_site_name":"Bei Deinem Namen genannt: Maria und Nikolaus","article_modified_time":"2018-08-24T17:10:30+00:00","og_image":[{"width":687,"height":1030,"url":"https:\/\/bei-deinem-namen-genannt.eu\/wp-content\/uploads\/2017\/08\/DSC02933-687x1030.jpg","type":"image\/jpeg"}],"twitter_card":"summary_large_image","twitter_misc":{"Est. reading time":"1 minute"},"schema":{"@context":"https:\/\/schema.org","@graph":[{"@type":"WebPage","@id":"https:\/\/bei-deinem-namen-genannt.eu\/portfolio-item\/st-nicolai-lueneburg\/","url":"https:\/\/bei-deinem-namen-genannt.eu\/portfolio-item\/st-nicolai-lueneburg\/","name":"St. Nicolai L\u00fcneburg - Bei Deinem Namen genannt: Maria und Nikolaus","isPartOf":{"@id":"https:\/\/bei-deinem-namen-genannt.eu\/#website"},"primaryImageOfPage":{"@id":"https:\/\/bei-deinem-namen-genannt.eu\/portfolio-item\/st-nicolai-lueneburg\/#primaryimage"},"image":{"@id":"https:\/\/bei-deinem-namen-genannt.eu\/portfolio-item\/st-nicolai-lueneburg\/#primaryimage"},"thumbnailUrl":"https:\/\/bei-deinem-namen-genannt.eu\/wp-content\/uploads\/2017\/08\/DSC02933.jpg","datePublished":"2017-08-21T15:02:35+00:00","dateModified":"2018-08-24T17:10:30+00:00","breadcrumb":{"@id":"https:\/\/bei-deinem-namen-genannt.eu\/portfolio-item\/st-nicolai-lueneburg\/#breadcrumb"},"inLanguage":"en-US","potentialAction":[{"@type":"ReadAction","target":["https:\/\/bei-deinem-namen-genannt.eu\/portfolio-item\/st-nicolai-lueneburg\/"]}]},{"@type":"ImageObject","inLanguage":"en-US","@id":"https:\/\/bei-deinem-namen-genannt.eu\/portfolio-item\/st-nicolai-lueneburg\/#primaryimage","url":"https:\/\/bei-deinem-namen-genannt.eu\/wp-content\/uploads\/2017\/08\/DSC02933.jpg","contentUrl":"https:\/\/bei-deinem-namen-genannt.eu\/wp-content\/uploads\/2017\/08\/DSC02933.jpg","width":1535,"height":2300,"caption":"21. August 2018, St. Nicolai L\u00fcneburg \u2013 Die zweisprachige Ausstellung \u00bbBei Deinem Namen genannt: Nikolaus\u00ab (21.8. bis 4.10.) will Ausgangsort sein, um die Geschichte von Namen und Kirchen, Menschen und Orten am Beispiel von Nikolaus kennenzulernen \u2013 und so schlie\u00dflich beim eigenen Namen anzukommen: Nele oder Lisa, Linus oder Finn. Sie erz\u00e4hlt von Nikolaus von Myra, dem Gabenbringer des 6.\u00a0Dezember, in \u00bbseiner\u00ab Farbe rot, begleitet von Illustrationen der Nikolaus-Szenen aus dem \u00bbPerugia-Altar\u00ab Fra Angelicos und dem Nikolaus-Altar der th\u00fcringischen Stadt M\u00fchlhausen. Gedanken zum Kontext des Themas f\u00fchren zur Wahrnehmung von Ort, Geschichte und Name als Teil der eigenen Identit\u00e4t, eingebettet in den \u00fcberregional-europ\u00e4ischen Kontext. Die Ausstellung f\u00fcr Sch\u00fclergruppen und Erwachsene wurde vom Kulturb\u00fcro des Rates der EKD initiiert, findet mit Unterst\u00fctzung der Beauftragten der Bundesregierung f\u00fcr Kultur und Medien in Kooperation mit der Guardini-Stiftung statt und ist Teil des ersten Europ\u00e4ischen Kulturerbejahres 2018 \u00bbSharing Heritage\u00ab. (Foto: Ralf Kl\u00f6den, Berlin)"},{"@type":"BreadcrumbList","@id":"https:\/\/bei-deinem-namen-genannt.eu\/portfolio-item\/st-nicolai-lueneburg\/#breadcrumb","itemListElement":[{"@type":"ListItem","position":1,"name":"Startseite","item":"https:\/\/bei-deinem-namen-genannt.eu\/allgemein\/"},{"@type":"ListItem","position":2,"name":"St. Nicolai L\u00fcneburg"}]},{"@type":"WebSite","@id":"https:\/\/bei-deinem-namen-genannt.eu\/#website","url":"https:\/\/bei-deinem-namen-genannt.eu\/","name":"Bei Deinem Namen genannt: Maria und Nikolaus","description":"Europ\u00e4isches Kulturerbejahr 2018 \u00bbSharing Heritage\u00ab","potentialAction":[{"@type":"SearchAction","target":{"@type":"EntryPoint","urlTemplate":"https:\/\/bei-deinem-namen-genannt.eu\/?s={search_term_string}"},"query-input":{"@type":"PropertyValueSpecification","valueRequired":true,"valueName":"search_term_string"}}],"inLanguage":"en-US"}]}},"_links":{"self":[{"href":"https:\/\/bei-deinem-namen-genannt.eu\/en\/wp-json\/wp\/v2\/portfolio\/939","targetHints":{"allow":["GET"]}}],"collection":[{"href":"https:\/\/bei-deinem-namen-genannt.eu\/en\/wp-json\/wp\/v2\/portfolio"}],"about":[{"href":"https:\/\/bei-deinem-namen-genannt.eu\/en\/wp-json\/wp\/v2\/types\/portfolio"}],"replies":[{"embeddable":true,"href":"https:\/\/bei-deinem-namen-genannt.eu\/en\/wp-json\/wp\/v2\/comments?post=939"}],"version-history":[{"count":0,"href":"https:\/\/bei-deinem-namen-genannt.eu\/en\/wp-json\/wp\/v2\/portfolio\/939\/revisions"}],"wp:featuredmedia":[{"embeddable":true,"href":"https:\/\/bei-deinem-namen-genannt.eu\/en\/wp-json\/wp\/v2\/media\/1905"}],"wp:attachment":[{"href":"https:\/\/bei-deinem-namen-genannt.eu\/en\/wp-json\/wp\/v2\/media?parent=939"}],"wp:term":[{"taxonomy":"post_tag","embeddable":true,"href":"https:\/\/bei-deinem-namen-genannt.eu\/en\/wp-json\/wp\/v2\/tags?post=939"},{"taxonomy":"portfolio_entries","embeddable":true,"href":"https:\/\/bei-deinem-namen-genannt.eu\/en\/wp-json\/wp\/v2\/portfolio_entries?post=939"}],"curies":[{"name":"wp","href":"https:\/\/api.w.org\/{rel}","templated":true}]}}