{"id":3266,"date":"2017-03-20T17:08:17","date_gmt":"2017-03-20T16:08:17","guid":{"rendered":"http:\/\/bei-deinem-namen-genannt.eu\/portfolio-item\/st-nikolaikirche-potsdam\/"},"modified":"2018-10-29T12:23:54","modified_gmt":"2018-10-29T11:23:54","slug":"st-nikolaikirche-potsdam","status":"publish","type":"portfolio","link":"https:\/\/bei-deinem-namen-genannt.eu\/pl\/portfolio-item\/st-nikolaikirche-potsdam\/","title":{"rendered":"St. Nikolaikirche Potsdam"},"content":{"rendered":"<div id='av_section_1'  class='avia-section av-av_section-2bb5dbc2f4280f0fa9c0823dd68eaa60 main_color avia-section-small avia-no-border-styling  avia-builder-el-0  avia-builder-el-no-sibling  avia-bg-style-scroll container_wrap sidebar_right'  ><div class='container av-section-cont-open' ><main  role=\"main\" itemprop=\"mainContentOfPage\"  class='template-page content  av-content-small alpha units'><div class='post-entry post-entry-type-page post-entry-3266'><div class='entry-content-wrapper clearfix'>\n<div id='av-masonry-1' class='av-masonry av-av_masonry_gallery-42bf33e876f6e985f4b19559cb2b470e noHover av-flex-size av-large-gap av-hover-overlay- av-masonry-animation-active av-masonry-col-3 av-caption-always av-caption-style- av-masonry-gallery ' data-post_id=\"3266\"><div class=\"av-masonry-container isotope av-js-disabled\"><div class='av-masonry-entry isotope-item av-masonry-item-no-image '><\/div><a href=\"https:\/\/bei-deinem-namen-genannt.eu\/wp-content\/uploads\/2017\/03\/IMG_0270.jpg\" data-srcset=\"https:\/\/bei-deinem-namen-genannt.eu\/wp-content\/uploads\/2017\/03\/IMG_0270.jpg 960w, https:\/\/bei-deinem-namen-genannt.eu\/wp-content\/uploads\/2017\/03\/IMG_0270-300x200.jpg 300w, https:\/\/bei-deinem-namen-genannt.eu\/wp-content\/uploads\/2017\/03\/IMG_0270-768x512.jpg 768w, https:\/\/bei-deinem-namen-genannt.eu\/wp-content\/uploads\/2017\/03\/IMG_0270-705x470.jpg 705w, https:\/\/bei-deinem-namen-genannt.eu\/wp-content\/uploads\/2017\/03\/IMG_0270-450x300.jpg 450w\" data-sizes=\"(max-width: 960px) 100vw, 960px\"  aria-label=\"image 20. M\u00e4rz 2018, St. Nikolaikirche Potsdam \u2013 Die zweisprachige Ausstellung \u00bbBei Deinem Namen genannt: Nikolaus\u00ab will Ausgangsort sein, um die Geschichte von Namen und Kirchen, Menschen und Orten am Beispiel von Nikolaus kennenzulernen \u2013 und so schlie\"  id='av-masonry-1-item-3275' data-av-masonry-item='3275' class='av-masonry-entry isotope-item post-3275 attachment type-attachment status-inherit hentry  av-masonry-item-with-image' title=\"20. M\u00e4rz 2018, St. Nikolaikirche Potsdam \u2013 Die zweisprachige Ausstellung \u00bbBei Deinem Namen genannt: Nikolaus\u00ab will Ausgangsort sein, um die Geschichte von Namen und Kirchen, Menschen und Orten am Beispiel von Nikolaus kennenzulernen \u2013 und so schlie\" alt=\"\"    itemprop=\"thumbnailUrl\" ><div class='av-inner-masonry-sizer'><\/div><figure class='av-inner-masonry main_color'><div class=\"av-masonry-outerimage-container\"><div class='av-masonry-image-container'   ><img decoding=\"async\" width=\"705\" height=\"470\" class=\"wp-image-3275 avia-img-lazy-loading-not-3275\"  src=\"https:\/\/bei-deinem-namen-genannt.eu\/wp-content\/uploads\/2017\/03\/IMG_0270-705x470.jpg\" title=\"20. M\u00e4rz 2018, St. Nikolaikirche Potsdam \u2013 Die zweisprachige Ausstellung \u00bbBei Deinem Namen genannt: Nikolaus\u00ab will Ausgangsort sein, um die Geschichte von Namen und Kirchen, Menschen und Orten am Beispiel von Nikolaus kennenzulernen \u2013 und so schlie\" alt=\"\" srcset=\"https:\/\/bei-deinem-namen-genannt.eu\/wp-content\/uploads\/2017\/03\/IMG_0270-705x470.jpg 705w, https:\/\/bei-deinem-namen-genannt.eu\/wp-content\/uploads\/2017\/03\/IMG_0270-300x200.jpg 300w, https:\/\/bei-deinem-namen-genannt.eu\/wp-content\/uploads\/2017\/03\/IMG_0270-768x512.jpg 768w, https:\/\/bei-deinem-namen-genannt.eu\/wp-content\/uploads\/2017\/03\/IMG_0270-450x300.jpg 450w, https:\/\/bei-deinem-namen-genannt.eu\/wp-content\/uploads\/2017\/03\/IMG_0270.jpg 960w\" sizes=\"(max-width: 705px) 100vw, 705px\" \/><\/div><\/div><\/figure><\/a><!--end av-masonry entry--><a href=\"https:\/\/bei-deinem-namen-genannt.eu\/wp-content\/uploads\/2017\/03\/42034518.jpg\" data-srcset=\"https:\/\/bei-deinem-namen-genannt.eu\/wp-content\/uploads\/2017\/03\/42034518.jpg 960w, https:\/\/bei-deinem-namen-genannt.eu\/wp-content\/uploads\/2017\/03\/42034518-300x200.jpg 300w, https:\/\/bei-deinem-namen-genannt.eu\/wp-content\/uploads\/2017\/03\/42034518-768x512.jpg 768w, https:\/\/bei-deinem-namen-genannt.eu\/wp-content\/uploads\/2017\/03\/42034518-705x470.jpg 705w, https:\/\/bei-deinem-namen-genannt.eu\/wp-content\/uploads\/2017\/03\/42034518-450x300.jpg 450w\" data-sizes=\"(max-width: 960px) 100vw, 960px\"  aria-label=\"image 20. M\u00e4rz 2018, St. Nikolaikirche Potsdam \u2013 Die zweisprachige Ausstellung \u00bbBei Deinem Namen genannt: Nikolaus\u00ab will Ausgangsort sein, um die Geschichte von Namen und Kirchen, Menschen und Orten am Beispiel von Nikolaus kennenzulernen \u2013 und so schlie\"  id='av-masonry-1-item-3269' data-av-masonry-item='3269' class='av-masonry-entry isotope-item post-3269 attachment type-attachment status-inherit hentry  av-masonry-item-with-image' title=\"20. M\u00e4rz 2018, St. Nikolaikirche Potsdam \u2013 Die zweisprachige Ausstellung \u00bbBei Deinem Namen genannt: Nikolaus\u00ab will Ausgangsort sein, um die Geschichte von Namen und Kirchen, Menschen und Orten am Beispiel von Nikolaus kennenzulernen \u2013 und so schlie\" alt=\"\"    itemprop=\"thumbnailUrl\" ><div class='av-inner-masonry-sizer'><\/div><figure class='av-inner-masonry main_color'><div class=\"av-masonry-outerimage-container\"><div class='av-masonry-image-container'   ><img decoding=\"async\" width=\"705\" height=\"470\" class=\"wp-image-3269 avia-img-lazy-loading-not-3269\"  src=\"https:\/\/bei-deinem-namen-genannt.eu\/wp-content\/uploads\/2017\/03\/42034518-705x470.jpg\" title=\"20. M\u00e4rz 2018, St. Nikolaikirche Potsdam \u2013 Die zweisprachige Ausstellung \u00bbBei Deinem Namen genannt: Nikolaus\u00ab will Ausgangsort sein, um die Geschichte von Namen und Kirchen, Menschen und Orten am Beispiel von Nikolaus kennenzulernen \u2013 und so schlie\" alt=\"\" srcset=\"https:\/\/bei-deinem-namen-genannt.eu\/wp-content\/uploads\/2017\/03\/42034518-705x470.jpg 705w, https:\/\/bei-deinem-namen-genannt.eu\/wp-content\/uploads\/2017\/03\/42034518-300x200.jpg 300w, https:\/\/bei-deinem-namen-genannt.eu\/wp-content\/uploads\/2017\/03\/42034518-768x512.jpg 768w, https:\/\/bei-deinem-namen-genannt.eu\/wp-content\/uploads\/2017\/03\/42034518-450x300.jpg 450w, https:\/\/bei-deinem-namen-genannt.eu\/wp-content\/uploads\/2017\/03\/42034518.jpg 960w\" sizes=\"(max-width: 705px) 100vw, 705px\" \/><\/div><\/div><\/figure><\/a><!--end av-masonry entry--><a href=\"https:\/\/bei-deinem-namen-genannt.eu\/wp-content\/uploads\/2017\/03\/42034938.jpg\" data-srcset=\"https:\/\/bei-deinem-namen-genannt.eu\/wp-content\/uploads\/2017\/03\/42034938.jpg 960w, https:\/\/bei-deinem-namen-genannt.eu\/wp-content\/uploads\/2017\/03\/42034938-300x200.jpg 300w, https:\/\/bei-deinem-namen-genannt.eu\/wp-content\/uploads\/2017\/03\/42034938-768x512.jpg 768w, https:\/\/bei-deinem-namen-genannt.eu\/wp-content\/uploads\/2017\/03\/42034938-705x470.jpg 705w, https:\/\/bei-deinem-namen-genannt.eu\/wp-content\/uploads\/2017\/03\/42034938-450x300.jpg 450w\" data-sizes=\"(max-width: 960px) 100vw, 960px\"  aria-label=\"image 20. M\u00e4rz 2018, St. Nikolaikirche Potsdam \u2013 Die zweisprachige Ausstellung \u00bbBei Deinem Namen genannt: Nikolaus\u00ab will Ausgangsort sein, um die Geschichte von Namen und Kirchen, Menschen und Orten am Beispiel von Nikolaus kennenzulernen \u2013 und so schlie\"  id='av-masonry-1-item-3271' data-av-masonry-item='3271' class='av-masonry-entry isotope-item post-3271 attachment type-attachment status-inherit hentry  av-masonry-item-with-image' title=\"20. M\u00e4rz 2018, St. Nikolaikirche Potsdam \u2013 Die zweisprachige Ausstellung \u00bbBei Deinem Namen genannt: Nikolaus\u00ab will Ausgangsort sein, um die Geschichte von Namen und Kirchen, Menschen und Orten am Beispiel von Nikolaus kennenzulernen \u2013 und so schlie\" alt=\"\"    itemprop=\"thumbnailUrl\" ><div class='av-inner-masonry-sizer'><\/div><figure class='av-inner-masonry main_color'><div class=\"av-masonry-outerimage-container\"><div class='av-masonry-image-container'   ><img decoding=\"async\" width=\"705\" height=\"470\" class=\"wp-image-3271 avia-img-lazy-loading-not-3271\"  src=\"https:\/\/bei-deinem-namen-genannt.eu\/wp-content\/uploads\/2017\/03\/42034938-705x470.jpg\" title=\"20. M\u00e4rz 2018, St. Nikolaikirche Potsdam \u2013 Die zweisprachige Ausstellung \u00bbBei Deinem Namen genannt: Nikolaus\u00ab will Ausgangsort sein, um die Geschichte von Namen und Kirchen, Menschen und Orten am Beispiel von Nikolaus kennenzulernen \u2013 und so schlie\" alt=\"\" srcset=\"https:\/\/bei-deinem-namen-genannt.eu\/wp-content\/uploads\/2017\/03\/42034938-705x470.jpg 705w, https:\/\/bei-deinem-namen-genannt.eu\/wp-content\/uploads\/2017\/03\/42034938-300x200.jpg 300w, https:\/\/bei-deinem-namen-genannt.eu\/wp-content\/uploads\/2017\/03\/42034938-768x512.jpg 768w, https:\/\/bei-deinem-namen-genannt.eu\/wp-content\/uploads\/2017\/03\/42034938-450x300.jpg 450w, https:\/\/bei-deinem-namen-genannt.eu\/wp-content\/uploads\/2017\/03\/42034938.jpg 960w\" sizes=\"(max-width: 705px) 100vw, 705px\" \/><\/div><\/div><\/figure><\/a><!--end av-masonry entry--><a href=\"https:\/\/bei-deinem-namen-genannt.eu\/wp-content\/uploads\/2017\/03\/42034867.jpg\" data-srcset=\"https:\/\/bei-deinem-namen-genannt.eu\/wp-content\/uploads\/2017\/03\/42034867.jpg 960w, https:\/\/bei-deinem-namen-genannt.eu\/wp-content\/uploads\/2017\/03\/42034867-300x200.jpg 300w, https:\/\/bei-deinem-namen-genannt.eu\/wp-content\/uploads\/2017\/03\/42034867-768x512.jpg 768w, https:\/\/bei-deinem-namen-genannt.eu\/wp-content\/uploads\/2017\/03\/42034867-705x470.jpg 705w, https:\/\/bei-deinem-namen-genannt.eu\/wp-content\/uploads\/2017\/03\/42034867-450x300.jpg 450w\" data-sizes=\"(max-width: 960px) 100vw, 960px\"  aria-label=\"image 20. M\u00e4rz 2018, St. Nikolaikirche Potsdam \u2013 Die zweisprachige Ausstellung \u00bbBei Deinem Namen genannt: Nikolaus\u00ab will Ausgangsort sein, um die Geschichte von Namen und Kirchen, Menschen und Orten am Beispiel von Nikolaus kennenzulernen \u2013 und so schlie\"  id='av-masonry-1-item-3270' data-av-masonry-item='3270' class='av-masonry-entry isotope-item post-3270 attachment type-attachment status-inherit hentry  av-masonry-item-with-image' title=\"20. M\u00e4rz 2018, St. Nikolaikirche Potsdam \u2013 Die zweisprachige Ausstellung \u00bbBei Deinem Namen genannt: Nikolaus\u00ab will Ausgangsort sein, um die Geschichte von Namen und Kirchen, Menschen und Orten am Beispiel von Nikolaus kennenzulernen \u2013 und so schlie\" alt=\"\"    itemprop=\"thumbnailUrl\" ><div class='av-inner-masonry-sizer'><\/div><figure class='av-inner-masonry main_color'><div class=\"av-masonry-outerimage-container\"><div class='av-masonry-image-container'   ><img decoding=\"async\" width=\"705\" height=\"470\" class=\"wp-image-3270 avia-img-lazy-loading-not-3270\"  src=\"https:\/\/bei-deinem-namen-genannt.eu\/wp-content\/uploads\/2017\/03\/42034867-705x470.jpg\" title=\"20. M\u00e4rz 2018, St. Nikolaikirche Potsdam \u2013 Die zweisprachige Ausstellung \u00bbBei Deinem Namen genannt: Nikolaus\u00ab will Ausgangsort sein, um die Geschichte von Namen und Kirchen, Menschen und Orten am Beispiel von Nikolaus kennenzulernen \u2013 und so schlie\" alt=\"\" srcset=\"https:\/\/bei-deinem-namen-genannt.eu\/wp-content\/uploads\/2017\/03\/42034867-705x470.jpg 705w, https:\/\/bei-deinem-namen-genannt.eu\/wp-content\/uploads\/2017\/03\/42034867-300x200.jpg 300w, https:\/\/bei-deinem-namen-genannt.eu\/wp-content\/uploads\/2017\/03\/42034867-768x512.jpg 768w, https:\/\/bei-deinem-namen-genannt.eu\/wp-content\/uploads\/2017\/03\/42034867-450x300.jpg 450w, https:\/\/bei-deinem-namen-genannt.eu\/wp-content\/uploads\/2017\/03\/42034867.jpg 960w\" sizes=\"(max-width: 705px) 100vw, 705px\" \/><\/div><\/div><\/figure><\/a><!--end av-masonry entry--><a href=\"https:\/\/bei-deinem-namen-genannt.eu\/wp-content\/uploads\/2017\/03\/42035022.jpg\" data-srcset=\"https:\/\/bei-deinem-namen-genannt.eu\/wp-content\/uploads\/2017\/03\/42035022.jpg 960w, https:\/\/bei-deinem-namen-genannt.eu\/wp-content\/uploads\/2017\/03\/42035022-300x200.jpg 300w, https:\/\/bei-deinem-namen-genannt.eu\/wp-content\/uploads\/2017\/03\/42035022-768x512.jpg 768w, https:\/\/bei-deinem-namen-genannt.eu\/wp-content\/uploads\/2017\/03\/42035022-705x470.jpg 705w, https:\/\/bei-deinem-namen-genannt.eu\/wp-content\/uploads\/2017\/03\/42035022-450x300.jpg 450w\" data-sizes=\"(max-width: 960px) 100vw, 960px\"  aria-label=\"image 20. M\u00e4rz 2018, St. Nikolaikirche Potsdam \u2013 Die zweisprachige Ausstellung \u00bbBei Deinem Namen genannt: Nikolaus\u00ab will Ausgangsort sein, um die Geschichte von Namen und Kirchen, Menschen und Orten am Beispiel von Nikolaus kennenzulernen \u2013 und so schlie\"  id='av-masonry-1-item-3272' data-av-masonry-item='3272' class='av-masonry-entry isotope-item post-3272 attachment type-attachment status-inherit hentry  av-masonry-item-with-image' title=\"20. M\u00e4rz 2018, St. Nikolaikirche Potsdam \u2013 Die zweisprachige Ausstellung \u00bbBei Deinem Namen genannt: Nikolaus\u00ab will Ausgangsort sein, um die Geschichte von Namen und Kirchen, Menschen und Orten am Beispiel von Nikolaus kennenzulernen \u2013 und so schlie\" alt=\"\"    itemprop=\"thumbnailUrl\" ><div class='av-inner-masonry-sizer'><\/div><figure class='av-inner-masonry main_color'><div class=\"av-masonry-outerimage-container\"><div class='av-masonry-image-container'   ><img decoding=\"async\" width=\"705\" height=\"470\" class=\"wp-image-3272 avia-img-lazy-loading-not-3272\"  src=\"https:\/\/bei-deinem-namen-genannt.eu\/wp-content\/uploads\/2017\/03\/42035022-705x470.jpg\" title=\"20. M\u00e4rz 2018, St. Nikolaikirche Potsdam \u2013 Die zweisprachige Ausstellung \u00bbBei Deinem Namen genannt: Nikolaus\u00ab will Ausgangsort sein, um die Geschichte von Namen und Kirchen, Menschen und Orten am Beispiel von Nikolaus kennenzulernen \u2013 und so schlie\" alt=\"\" srcset=\"https:\/\/bei-deinem-namen-genannt.eu\/wp-content\/uploads\/2017\/03\/42035022-705x470.jpg 705w, https:\/\/bei-deinem-namen-genannt.eu\/wp-content\/uploads\/2017\/03\/42035022-300x200.jpg 300w, https:\/\/bei-deinem-namen-genannt.eu\/wp-content\/uploads\/2017\/03\/42035022-768x512.jpg 768w, https:\/\/bei-deinem-namen-genannt.eu\/wp-content\/uploads\/2017\/03\/42035022-450x300.jpg 450w, https:\/\/bei-deinem-namen-genannt.eu\/wp-content\/uploads\/2017\/03\/42035022.jpg 960w\" sizes=\"(max-width: 705px) 100vw, 705px\" \/><\/div><\/div><\/figure><\/a><!--end av-masonry entry--><a href=\"https:\/\/bei-deinem-namen-genannt.eu\/wp-content\/uploads\/2017\/03\/42034840_web.jpg\" data-srcset=\"https:\/\/bei-deinem-namen-genannt.eu\/wp-content\/uploads\/2017\/03\/42034840_web.jpg 960w, https:\/\/bei-deinem-namen-genannt.eu\/wp-content\/uploads\/2017\/03\/42034840_web-300x200.jpg 300w, https:\/\/bei-deinem-namen-genannt.eu\/wp-content\/uploads\/2017\/03\/42034840_web-768x512.jpg 768w, https:\/\/bei-deinem-namen-genannt.eu\/wp-content\/uploads\/2017\/03\/42034840_web-705x470.jpg 705w, https:\/\/bei-deinem-namen-genannt.eu\/wp-content\/uploads\/2017\/03\/42034840_web-450x300.jpg 450w\" data-sizes=\"(max-width: 960px) 100vw, 960px\"  aria-label=\"image 20. M\u00e4rz 2018, St. Nikolaikirche Potsdam \u2013 Die zweisprachige Ausstellung \u00bbBei Deinem Namen genannt: Nikolaus\u00ab will Ausgangsort sein, um die Geschichte von Namen und Kirchen, Menschen und Orten am Beispiel von Nikolaus kennenzulernen \u2013 und so schlie\"  id='av-masonry-1-item-3276' data-av-masonry-item='3276' class='av-masonry-entry isotope-item post-3276 attachment type-attachment status-inherit hentry  av-masonry-item-with-image' title=\"20. M\u00e4rz 2018, St. Nikolaikirche Potsdam \u2013 Die zweisprachige Ausstellung \u00bbBei Deinem Namen genannt: Nikolaus\u00ab will Ausgangsort sein, um die Geschichte von Namen und Kirchen, Menschen und Orten am Beispiel von Nikolaus kennenzulernen \u2013 und so schlie\" alt=\"\"    itemprop=\"thumbnailUrl\" ><div class='av-inner-masonry-sizer'><\/div><figure class='av-inner-masonry main_color'><div class=\"av-masonry-outerimage-container\"><div class='av-masonry-image-container'   ><img decoding=\"async\" width=\"705\" height=\"470\" class=\"wp-image-3276 avia-img-lazy-loading-not-3276\"  src=\"https:\/\/bei-deinem-namen-genannt.eu\/wp-content\/uploads\/2017\/03\/42034840_web-705x470.jpg\" title=\"20. M\u00e4rz 2018, St. Nikolaikirche Potsdam \u2013 Die zweisprachige Ausstellung \u00bbBei Deinem Namen genannt: Nikolaus\u00ab will Ausgangsort sein, um die Geschichte von Namen und Kirchen, Menschen und Orten am Beispiel von Nikolaus kennenzulernen \u2013 und so schlie\" alt=\"\" srcset=\"https:\/\/bei-deinem-namen-genannt.eu\/wp-content\/uploads\/2017\/03\/42034840_web-705x470.jpg 705w, https:\/\/bei-deinem-namen-genannt.eu\/wp-content\/uploads\/2017\/03\/42034840_web-300x200.jpg 300w, https:\/\/bei-deinem-namen-genannt.eu\/wp-content\/uploads\/2017\/03\/42034840_web-768x512.jpg 768w, https:\/\/bei-deinem-namen-genannt.eu\/wp-content\/uploads\/2017\/03\/42034840_web-450x300.jpg 450w, https:\/\/bei-deinem-namen-genannt.eu\/wp-content\/uploads\/2017\/03\/42034840_web.jpg 960w\" sizes=\"(max-width: 705px) 100vw, 705px\" \/><\/div><\/div><\/figure><\/a><!--end av-masonry entry--><a href=\"https:\/\/bei-deinem-namen-genannt.eu\/wp-content\/uploads\/2017\/03\/42035033.jpg\" data-srcset=\"https:\/\/bei-deinem-namen-genannt.eu\/wp-content\/uploads\/2017\/03\/42035033.jpg 960w, https:\/\/bei-deinem-namen-genannt.eu\/wp-content\/uploads\/2017\/03\/42035033-300x200.jpg 300w, https:\/\/bei-deinem-namen-genannt.eu\/wp-content\/uploads\/2017\/03\/42035033-768x512.jpg 768w, https:\/\/bei-deinem-namen-genannt.eu\/wp-content\/uploads\/2017\/03\/42035033-705x470.jpg 705w, https:\/\/bei-deinem-namen-genannt.eu\/wp-content\/uploads\/2017\/03\/42035033-450x300.jpg 450w\" data-sizes=\"(max-width: 960px) 100vw, 960px\"  aria-label=\"image 20. M\u00e4rz 2018, St. Nikolaikirche Potsdam \u2013 Die zweisprachige Ausstellung \u00bbBei Deinem Namen genannt: Nikolaus\u00ab will Ausgangsort sein, um die Geschichte von Namen und Kirchen, Menschen und Orten am Beispiel von Nikolaus kennenzulernen \u2013 und so schlie\"  id='av-masonry-1-item-3273' data-av-masonry-item='3273' class='av-masonry-entry isotope-item post-3273 attachment type-attachment status-inherit hentry  av-masonry-item-with-image' title=\"20. M\u00e4rz 2018, St. Nikolaikirche Potsdam \u2013 Die zweisprachige Ausstellung \u00bbBei Deinem Namen genannt: Nikolaus\u00ab will Ausgangsort sein, um die Geschichte von Namen und Kirchen, Menschen und Orten am Beispiel von Nikolaus kennenzulernen \u2013 und so schlie\" alt=\"\"    itemprop=\"thumbnailUrl\" ><div class='av-inner-masonry-sizer'><\/div><figure class='av-inner-masonry main_color'><div class=\"av-masonry-outerimage-container\"><div class='av-masonry-image-container'   ><img decoding=\"async\" width=\"705\" height=\"470\" class=\"wp-image-3273 avia-img-lazy-loading-not-3273\"  src=\"https:\/\/bei-deinem-namen-genannt.eu\/wp-content\/uploads\/2017\/03\/42035033-705x470.jpg\" title=\"20. M\u00e4rz 2018, St. Nikolaikirche Potsdam \u2013 Die zweisprachige Ausstellung \u00bbBei Deinem Namen genannt: Nikolaus\u00ab will Ausgangsort sein, um die Geschichte von Namen und Kirchen, Menschen und Orten am Beispiel von Nikolaus kennenzulernen \u2013 und so schlie\" alt=\"\" srcset=\"https:\/\/bei-deinem-namen-genannt.eu\/wp-content\/uploads\/2017\/03\/42035033-705x470.jpg 705w, https:\/\/bei-deinem-namen-genannt.eu\/wp-content\/uploads\/2017\/03\/42035033-300x200.jpg 300w, https:\/\/bei-deinem-namen-genannt.eu\/wp-content\/uploads\/2017\/03\/42035033-768x512.jpg 768w, https:\/\/bei-deinem-namen-genannt.eu\/wp-content\/uploads\/2017\/03\/42035033-450x300.jpg 450w, https:\/\/bei-deinem-namen-genannt.eu\/wp-content\/uploads\/2017\/03\/42035033.jpg 960w\" sizes=\"(max-width: 705px) 100vw, 705px\" \/><\/div><\/div><\/figure><\/a><!--end av-masonry entry--><a href=\"https:\/\/bei-deinem-namen-genannt.eu\/wp-content\/uploads\/2017\/03\/42035025_web.jpg\" data-srcset=\"https:\/\/bei-deinem-namen-genannt.eu\/wp-content\/uploads\/2017\/03\/42035025_web.jpg 960w, https:\/\/bei-deinem-namen-genannt.eu\/wp-content\/uploads\/2017\/03\/42035025_web-300x200.jpg 300w, https:\/\/bei-deinem-namen-genannt.eu\/wp-content\/uploads\/2017\/03\/42035025_web-768x512.jpg 768w, https:\/\/bei-deinem-namen-genannt.eu\/wp-content\/uploads\/2017\/03\/42035025_web-705x470.jpg 705w, https:\/\/bei-deinem-namen-genannt.eu\/wp-content\/uploads\/2017\/03\/42035025_web-450x300.jpg 450w\" data-sizes=\"(max-width: 960px) 100vw, 960px\"  aria-label=\"image 20. M\u00e4rz 2018, St. Nikolaikirche Potsdam \u2013 Die zweisprachige Ausstellung \u00bbBei Deinem Namen genannt: Nikolaus\u00ab will Ausgangsort sein, um die Geschichte von Namen und Kirchen, Menschen und Orten am Beispiel von Nikolaus kennenzulernen \u2013 und so schlie\"  id='av-masonry-1-item-3277' data-av-masonry-item='3277' class='av-masonry-entry isotope-item post-3277 attachment type-attachment status-inherit hentry  av-masonry-item-with-image' title=\"20. M\u00e4rz 2018, St. Nikolaikirche Potsdam \u2013 Die zweisprachige Ausstellung \u00bbBei Deinem Namen genannt: Nikolaus\u00ab will Ausgangsort sein, um die Geschichte von Namen und Kirchen, Menschen und Orten am Beispiel von Nikolaus kennenzulernen \u2013 und so schlie\" alt=\"\"    itemprop=\"thumbnailUrl\" ><div class='av-inner-masonry-sizer'><\/div><figure class='av-inner-masonry main_color'><div class=\"av-masonry-outerimage-container\"><div class='av-masonry-image-container'   ><img decoding=\"async\" width=\"705\" height=\"470\" class=\"wp-image-3277 avia-img-lazy-loading-not-3277\"  src=\"https:\/\/bei-deinem-namen-genannt.eu\/wp-content\/uploads\/2017\/03\/42035025_web-705x470.jpg\" title=\"20. M\u00e4rz 2018, St. Nikolaikirche Potsdam \u2013 Die zweisprachige Ausstellung \u00bbBei Deinem Namen genannt: Nikolaus\u00ab will Ausgangsort sein, um die Geschichte von Namen und Kirchen, Menschen und Orten am Beispiel von Nikolaus kennenzulernen \u2013 und so schlie\" alt=\"\" srcset=\"https:\/\/bei-deinem-namen-genannt.eu\/wp-content\/uploads\/2017\/03\/42035025_web-705x470.jpg 705w, https:\/\/bei-deinem-namen-genannt.eu\/wp-content\/uploads\/2017\/03\/42035025_web-300x200.jpg 300w, https:\/\/bei-deinem-namen-genannt.eu\/wp-content\/uploads\/2017\/03\/42035025_web-768x512.jpg 768w, https:\/\/bei-deinem-namen-genannt.eu\/wp-content\/uploads\/2017\/03\/42035025_web-450x300.jpg 450w, https:\/\/bei-deinem-namen-genannt.eu\/wp-content\/uploads\/2017\/03\/42035025_web.jpg 960w\" sizes=\"(max-width: 705px) 100vw, 705px\" \/><\/div><\/div><\/figure><\/a><!--end av-masonry entry--><a href=\"https:\/\/bei-deinem-namen-genannt.eu\/wp-content\/uploads\/2017\/03\/42035044.jpg\" data-srcset=\"https:\/\/bei-deinem-namen-genannt.eu\/wp-content\/uploads\/2017\/03\/42035044.jpg 960w, https:\/\/bei-deinem-namen-genannt.eu\/wp-content\/uploads\/2017\/03\/42035044-300x200.jpg 300w, https:\/\/bei-deinem-namen-genannt.eu\/wp-content\/uploads\/2017\/03\/42035044-768x512.jpg 768w, https:\/\/bei-deinem-namen-genannt.eu\/wp-content\/uploads\/2017\/03\/42035044-705x470.jpg 705w, https:\/\/bei-deinem-namen-genannt.eu\/wp-content\/uploads\/2017\/03\/42035044-450x300.jpg 450w\" data-sizes=\"(max-width: 960px) 100vw, 960px\"  aria-label=\"image 20. M\u00e4rz 2018, St. Nikolaikirche Potsdam \u2013 Die zweisprachige Ausstellung \u00bbBei Deinem Namen genannt: Nikolaus\u00ab will Ausgangsort sein, um die Geschichte von Namen und Kirchen, Menschen und Orten am Beispiel von Nikolaus kennenzulernen \u2013 und so schlie\"  id='av-masonry-1-item-3274' data-av-masonry-item='3274' class='av-masonry-entry isotope-item post-3274 attachment type-attachment status-inherit hentry  av-masonry-item-with-image' title=\"20. M\u00e4rz 2018, St. Nikolaikirche Potsdam \u2013 Die zweisprachige Ausstellung \u00bbBei Deinem Namen genannt: Nikolaus\u00ab will Ausgangsort sein, um die Geschichte von Namen und Kirchen, Menschen und Orten am Beispiel von Nikolaus kennenzulernen \u2013 und so schlie\" alt=\"\"    itemprop=\"thumbnailUrl\" ><div class='av-inner-masonry-sizer'><\/div><figure class='av-inner-masonry main_color'><div class=\"av-masonry-outerimage-container\"><div class='av-masonry-image-container'   ><img decoding=\"async\" width=\"705\" height=\"470\" class=\"wp-image-3274 avia-img-lazy-loading-not-3274\"  src=\"https:\/\/bei-deinem-namen-genannt.eu\/wp-content\/uploads\/2017\/03\/42035044-705x470.jpg\" title=\"20. M\u00e4rz 2018, St. Nikolaikirche Potsdam \u2013 Die zweisprachige Ausstellung \u00bbBei Deinem Namen genannt: Nikolaus\u00ab will Ausgangsort sein, um die Geschichte von Namen und Kirchen, Menschen und Orten am Beispiel von Nikolaus kennenzulernen \u2013 und so schlie\" alt=\"\" srcset=\"https:\/\/bei-deinem-namen-genannt.eu\/wp-content\/uploads\/2017\/03\/42035044-705x470.jpg 705w, https:\/\/bei-deinem-namen-genannt.eu\/wp-content\/uploads\/2017\/03\/42035044-300x200.jpg 300w, https:\/\/bei-deinem-namen-genannt.eu\/wp-content\/uploads\/2017\/03\/42035044-768x512.jpg 768w, https:\/\/bei-deinem-namen-genannt.eu\/wp-content\/uploads\/2017\/03\/42035044-450x300.jpg 450w, https:\/\/bei-deinem-namen-genannt.eu\/wp-content\/uploads\/2017\/03\/42035044.jpg 960w\" sizes=\"(max-width: 705px) 100vw, 705px\" \/><\/div><\/div><\/figure><\/a><!--end av-masonry entry--><\/div><\/div>\n<\/div><\/div><\/main><!-- close content main element --><\/div><\/div><div id='after_section_1'  class='main_color av_default_container_wrap container_wrap sidebar_right'  ><div class='container av-section-cont-open' ><div class='template-page content  av-content-small alpha units'><div class='post-entry post-entry-type-page post-entry-3266'><div class='entry-content-wrapper clearfix'>\n","protected":false},"excerpt":{"rendered":"","protected":false},"featured_media":3268,"comment_status":"closed","ping_status":"closed","template":"","tags":[],"portfolio_entries":[26,27],"class_list":["post-3266","portfolio","type-portfolio","status-publish","has-post-thumbnail","hentry","portfolio_entries-alle-kirchen_pl","portfolio_entries-nikolaikirchen-pl"],"yoast_head":"<!-- This site is optimized with the Yoast SEO plugin v25.5 - https:\/\/yoast.com\/wordpress\/plugins\/seo\/ -->\n<title>St. Nikolaikirche Potsdam - Bei Deinem Namen genannt: Maria und Nikolaus<\/title>\n<meta name=\"robots\" content=\"index, follow, max-snippet:-1, max-image-preview:large, max-video-preview:-1\" \/>\n<link rel=\"canonical\" href=\"https:\/\/bei-deinem-namen-genannt.eu\/portfolio-item\/st-nikolaikirche-potsdam\/\" \/>\n<meta property=\"og:locale\" content=\"pl_PL\" \/>\n<meta property=\"og:type\" content=\"article\" \/>\n<meta property=\"og:title\" content=\"St. Nikolaikirche Potsdam - Bei Deinem Namen genannt: Maria und Nikolaus\" \/>\n<meta property=\"og:url\" content=\"https:\/\/bei-deinem-namen-genannt.eu\/portfolio-item\/st-nikolaikirche-potsdam\/\" \/>\n<meta property=\"og:site_name\" content=\"Bei Deinem Namen genannt: Maria und Nikolaus\" \/>\n<meta property=\"article:modified_time\" content=\"2018-10-29T11:23:54+00:00\" \/>\n<meta property=\"og:image\" content=\"https:\/\/bei-deinem-namen-genannt.eu\/wp-content\/uploads\/2017\/03\/42034985-1.jpg\" \/>\n\t<meta property=\"og:image:width\" content=\"960\" \/>\n\t<meta property=\"og:image:height\" content=\"640\" \/>\n\t<meta property=\"og:image:type\" content=\"image\/jpeg\" \/>\n<meta name=\"twitter:card\" content=\"summary_large_image\" \/>\n<meta name=\"twitter:label1\" content=\"Szacowany czas czytania\" \/>\n\t<meta name=\"twitter:data1\" content=\"1 minuta\" \/>\n<script type=\"application\/ld+json\" class=\"yoast-schema-graph\">{\"@context\":\"https:\/\/schema.org\",\"@graph\":[{\"@type\":\"WebPage\",\"@id\":\"https:\/\/bei-deinem-namen-genannt.eu\/portfolio-item\/st-nikolaikirche-potsdam\/\",\"url\":\"https:\/\/bei-deinem-namen-genannt.eu\/portfolio-item\/st-nikolaikirche-potsdam\/\",\"name\":\"St. Nikolaikirche Potsdam - Bei Deinem Namen genannt: Maria und Nikolaus\",\"isPartOf\":{\"@id\":\"https:\/\/bei-deinem-namen-genannt.eu\/#website\"},\"primaryImageOfPage\":{\"@id\":\"https:\/\/bei-deinem-namen-genannt.eu\/portfolio-item\/st-nikolaikirche-potsdam\/#primaryimage\"},\"image\":{\"@id\":\"https:\/\/bei-deinem-namen-genannt.eu\/portfolio-item\/st-nikolaikirche-potsdam\/#primaryimage\"},\"thumbnailUrl\":\"https:\/\/bei-deinem-namen-genannt.eu\/wp-content\/uploads\/2017\/03\/42034985-1.jpg\",\"datePublished\":\"2017-03-20T16:08:17+00:00\",\"dateModified\":\"2018-10-29T11:23:54+00:00\",\"breadcrumb\":{\"@id\":\"https:\/\/bei-deinem-namen-genannt.eu\/portfolio-item\/st-nikolaikirche-potsdam\/#breadcrumb\"},\"inLanguage\":\"pl-PL\",\"potentialAction\":[{\"@type\":\"ReadAction\",\"target\":[\"https:\/\/bei-deinem-namen-genannt.eu\/portfolio-item\/st-nikolaikirche-potsdam\/\"]}]},{\"@type\":\"ImageObject\",\"inLanguage\":\"pl-PL\",\"@id\":\"https:\/\/bei-deinem-namen-genannt.eu\/portfolio-item\/st-nikolaikirche-potsdam\/#primaryimage\",\"url\":\"https:\/\/bei-deinem-namen-genannt.eu\/wp-content\/uploads\/2017\/03\/42034985-1.jpg\",\"contentUrl\":\"https:\/\/bei-deinem-namen-genannt.eu\/wp-content\/uploads\/2017\/03\/42034985-1.jpg\",\"width\":960,\"height\":640,\"caption\":\"20. M\u00e4rz 2018, St. Nikolaikirche Potsdam \u2013 Die zweisprachige Ausstellung \u00bbBei Deinem Namen genannt: Nikolaus\u00ab will Ausgangsort sein, um die Geschichte von Namen und Kirchen, Menschen und Orten am Beispiel von Nikolaus kennenzulernen \u2013 und so schlie\u00dflich beim eigenen Namen anzukommen: Nele oder Lisa, Linus oder Finn. Sie erz\u00e4hlt von Nikolaus von Myra, dem Gabenbringer des 6.\u00a0Dezember, in \u00bbseiner\u00ab Farbe rot, begleitet von Illustrationen der Nikolaus-Szenen aus dem \u00bbPerugia-Altar\u00ab Fra Angelicos und dem Nikolaus-Altar der th\u00fcringischen Stadt M\u00fchlhausen. Gedanken zum Kontext des Themas f\u00fchren zur Wahrnehmung von Ort, Geschichte und Name als Teil der eigenen Identit\u00e4t, eingebettet in den \u00fcberregional-europ\u00e4ischen Kontext. Die Ausstellung f\u00fcr Sch\u00fclergruppen und Erwachsene wurde vom Kulturb\u00fcro des Rates der EKD initiiert, findet mit Unterst\u00fctzung der Beauftragten der Bundesregierung f\u00fcr Kultur und Medien in Kooperation mit der Guardini-Stiftung statt und ist Teil des ersten Europ\u00e4ischen Kulturerbejahres 2018 \u00bbSharing Heritage\u00ab. (Foto: Andreas Schoelzel)\"},{\"@type\":\"BreadcrumbList\",\"@id\":\"https:\/\/bei-deinem-namen-genannt.eu\/portfolio-item\/st-nikolaikirche-potsdam\/#breadcrumb\",\"itemListElement\":[{\"@type\":\"ListItem\",\"position\":1,\"name\":\"Startseite\",\"item\":\"https:\/\/bei-deinem-namen-genannt.eu\/pl\/\"},{\"@type\":\"ListItem\",\"position\":2,\"name\":\"St. Nikolaikirche Potsdam\"}]},{\"@type\":\"WebSite\",\"@id\":\"https:\/\/bei-deinem-namen-genannt.eu\/#website\",\"url\":\"https:\/\/bei-deinem-namen-genannt.eu\/\",\"name\":\"Bei Deinem Namen genannt: Maria und Nikolaus\",\"description\":\"Europ\u00e4isches Kulturerbejahr 2018 \u00bbSharing Heritage\u00ab\",\"potentialAction\":[{\"@type\":\"SearchAction\",\"target\":{\"@type\":\"EntryPoint\",\"urlTemplate\":\"https:\/\/bei-deinem-namen-genannt.eu\/?s={search_term_string}\"},\"query-input\":{\"@type\":\"PropertyValueSpecification\",\"valueRequired\":true,\"valueName\":\"search_term_string\"}}],\"inLanguage\":\"pl-PL\"}]}<\/script>\n<!-- \/ Yoast SEO plugin. -->","yoast_head_json":{"title":"St. Nikolaikirche Potsdam - Bei Deinem Namen genannt: Maria und Nikolaus","robots":{"index":"index","follow":"follow","max-snippet":"max-snippet:-1","max-image-preview":"max-image-preview:large","max-video-preview":"max-video-preview:-1"},"canonical":"https:\/\/bei-deinem-namen-genannt.eu\/portfolio-item\/st-nikolaikirche-potsdam\/","og_locale":"pl_PL","og_type":"article","og_title":"St. Nikolaikirche Potsdam - Bei Deinem Namen genannt: Maria und Nikolaus","og_url":"https:\/\/bei-deinem-namen-genannt.eu\/portfolio-item\/st-nikolaikirche-potsdam\/","og_site_name":"Bei Deinem Namen genannt: Maria und Nikolaus","article_modified_time":"2018-10-29T11:23:54+00:00","og_image":[{"width":960,"height":640,"url":"https:\/\/bei-deinem-namen-genannt.eu\/wp-content\/uploads\/2017\/03\/42034985-1.jpg","type":"image\/jpeg"}],"twitter_card":"summary_large_image","twitter_misc":{"Szacowany czas czytania":"1 minuta"},"schema":{"@context":"https:\/\/schema.org","@graph":[{"@type":"WebPage","@id":"https:\/\/bei-deinem-namen-genannt.eu\/portfolio-item\/st-nikolaikirche-potsdam\/","url":"https:\/\/bei-deinem-namen-genannt.eu\/portfolio-item\/st-nikolaikirche-potsdam\/","name":"St. Nikolaikirche Potsdam - Bei Deinem Namen genannt: Maria und Nikolaus","isPartOf":{"@id":"https:\/\/bei-deinem-namen-genannt.eu\/#website"},"primaryImageOfPage":{"@id":"https:\/\/bei-deinem-namen-genannt.eu\/portfolio-item\/st-nikolaikirche-potsdam\/#primaryimage"},"image":{"@id":"https:\/\/bei-deinem-namen-genannt.eu\/portfolio-item\/st-nikolaikirche-potsdam\/#primaryimage"},"thumbnailUrl":"https:\/\/bei-deinem-namen-genannt.eu\/wp-content\/uploads\/2017\/03\/42034985-1.jpg","datePublished":"2017-03-20T16:08:17+00:00","dateModified":"2018-10-29T11:23:54+00:00","breadcrumb":{"@id":"https:\/\/bei-deinem-namen-genannt.eu\/portfolio-item\/st-nikolaikirche-potsdam\/#breadcrumb"},"inLanguage":"pl-PL","potentialAction":[{"@type":"ReadAction","target":["https:\/\/bei-deinem-namen-genannt.eu\/portfolio-item\/st-nikolaikirche-potsdam\/"]}]},{"@type":"ImageObject","inLanguage":"pl-PL","@id":"https:\/\/bei-deinem-namen-genannt.eu\/portfolio-item\/st-nikolaikirche-potsdam\/#primaryimage","url":"https:\/\/bei-deinem-namen-genannt.eu\/wp-content\/uploads\/2017\/03\/42034985-1.jpg","contentUrl":"https:\/\/bei-deinem-namen-genannt.eu\/wp-content\/uploads\/2017\/03\/42034985-1.jpg","width":960,"height":640,"caption":"20. M\u00e4rz 2018, St. Nikolaikirche Potsdam \u2013 Die zweisprachige Ausstellung \u00bbBei Deinem Namen genannt: Nikolaus\u00ab will Ausgangsort sein, um die Geschichte von Namen und Kirchen, Menschen und Orten am Beispiel von Nikolaus kennenzulernen \u2013 und so schlie\u00dflich beim eigenen Namen anzukommen: Nele oder Lisa, Linus oder Finn. Sie erz\u00e4hlt von Nikolaus von Myra, dem Gabenbringer des 6.\u00a0Dezember, in \u00bbseiner\u00ab Farbe rot, begleitet von Illustrationen der Nikolaus-Szenen aus dem \u00bbPerugia-Altar\u00ab Fra Angelicos und dem Nikolaus-Altar der th\u00fcringischen Stadt M\u00fchlhausen. Gedanken zum Kontext des Themas f\u00fchren zur Wahrnehmung von Ort, Geschichte und Name als Teil der eigenen Identit\u00e4t, eingebettet in den \u00fcberregional-europ\u00e4ischen Kontext. Die Ausstellung f\u00fcr Sch\u00fclergruppen und Erwachsene wurde vom Kulturb\u00fcro des Rates der EKD initiiert, findet mit Unterst\u00fctzung der Beauftragten der Bundesregierung f\u00fcr Kultur und Medien in Kooperation mit der Guardini-Stiftung statt und ist Teil des ersten Europ\u00e4ischen Kulturerbejahres 2018 \u00bbSharing Heritage\u00ab. (Foto: Andreas Schoelzel)"},{"@type":"BreadcrumbList","@id":"https:\/\/bei-deinem-namen-genannt.eu\/portfolio-item\/st-nikolaikirche-potsdam\/#breadcrumb","itemListElement":[{"@type":"ListItem","position":1,"name":"Startseite","item":"https:\/\/bei-deinem-namen-genannt.eu\/pl\/"},{"@type":"ListItem","position":2,"name":"St. Nikolaikirche Potsdam"}]},{"@type":"WebSite","@id":"https:\/\/bei-deinem-namen-genannt.eu\/#website","url":"https:\/\/bei-deinem-namen-genannt.eu\/","name":"Bei Deinem Namen genannt: Maria und Nikolaus","description":"Europ\u00e4isches Kulturerbejahr 2018 \u00bbSharing Heritage\u00ab","potentialAction":[{"@type":"SearchAction","target":{"@type":"EntryPoint","urlTemplate":"https:\/\/bei-deinem-namen-genannt.eu\/?s={search_term_string}"},"query-input":{"@type":"PropertyValueSpecification","valueRequired":true,"valueName":"search_term_string"}}],"inLanguage":"pl-PL"}]}},"_links":{"self":[{"href":"https:\/\/bei-deinem-namen-genannt.eu\/pl\/wp-json\/wp\/v2\/portfolio\/3266","targetHints":{"allow":["GET"]}}],"collection":[{"href":"https:\/\/bei-deinem-namen-genannt.eu\/pl\/wp-json\/wp\/v2\/portfolio"}],"about":[{"href":"https:\/\/bei-deinem-namen-genannt.eu\/pl\/wp-json\/wp\/v2\/types\/portfolio"}],"replies":[{"embeddable":true,"href":"https:\/\/bei-deinem-namen-genannt.eu\/pl\/wp-json\/wp\/v2\/comments?post=3266"}],"version-history":[{"count":0,"href":"https:\/\/bei-deinem-namen-genannt.eu\/pl\/wp-json\/wp\/v2\/portfolio\/3266\/revisions"}],"wp:featuredmedia":[{"embeddable":true,"href":"https:\/\/bei-deinem-namen-genannt.eu\/pl\/wp-json\/wp\/v2\/media\/3268"}],"wp:attachment":[{"href":"https:\/\/bei-deinem-namen-genannt.eu\/pl\/wp-json\/wp\/v2\/media?parent=3266"}],"wp:term":[{"taxonomy":"post_tag","embeddable":true,"href":"https:\/\/bei-deinem-namen-genannt.eu\/pl\/wp-json\/wp\/v2\/tags?post=3266"},{"taxonomy":"portfolio_entries","embeddable":true,"href":"https:\/\/bei-deinem-namen-genannt.eu\/pl\/wp-json\/wp\/v2\/portfolio_entries?post=3266"}],"curies":[{"name":"wp","href":"https:\/\/api.w.org\/{rel}","templated":true}]}}